{"id":47222,"date":"2025-04-10T23:13:52","date_gmt":"2025-04-10T21:13:52","guid":{"rendered":"https:\/\/hijasdejesus.org\/congregada\/rosa-ma-romo\/"},"modified":"2025-04-21T18:37:54","modified_gmt":"2025-04-21T16:37:54","slug":"rosa-ma-romo","status":"publish","type":"congregada","link":"https:\/\/hijasdejesus.org\/en\/congregada\/rosa-ma-romo\/","title":{"rendered":"Rosa M\u00aa Romo"},"content":{"rendered":"\n<p>Rosa Maria Romo, 69 years old, born in Spain. Entered the Congregation on October 9, 1974, made her first vows on September 8, 1977 and her perpetual profession on April 3, 1983.At present, she is the President of the Board of Trustees of the Jesuitinas Educational Foundation, Treasurer of the Community of Nuestra Se\u00f1ora de Ar\u00e1nzazu in San Sebasti\u00e1n, Coordinator of the Ethics Committee of the Province and member of the Provincial Historical Archive Commission.<\/p>\n","protected":false},"excerpt":{"rendered":"<p>Rosa Maria Romo, 69 years old, born in Spain. Entered the Congregation on October 9, 1974, made her first vows on September 8, 1977 and her perpetual profession on April 3, 1983.At present, she is the President of the Board of Trustees of the Jesuitinas Educational Foundation, Treasurer of the Community of Nuestra Se\u00f1ora de [&hellip;]<\/p>\n","protected":false},"featured_media":47219,"template":"","meta":{"_et_pb_use_builder":"","_et_pb_old_content":"","_et_gb_content_width":"","_links_to":"","_links_to_target":""},"region_congregadas":[1343],"class_list":["post-47222","congregada","type-congregada","status-publish","has-post-thumbnail","hentry","region_congregadas-province-spain-italy"],"yoast_head":"<!-- This site is optimized with the Yoast SEO plugin v27.5 - https:\/\/yoast.com\/product\/yoast-seo-wordpress\/ -->\n<title>Rosa M\u00aa Romo - Hijas de Jes\u00fas<\/title>\n<meta name=\"robots\" content=\"index, follow, max-snippet:-1, max-image-preview:large, max-video-preview:-1\" \/>\n<link rel=\"canonical\" href=\"https:\/\/hijasdejesus.org\/en\/congregada\/rosa-ma-romo\/\" \/>\n<meta property=\"og:locale\" content=\"en_US\" \/>\n<meta property=\"og:type\" content=\"article\" \/>\n<meta property=\"og:title\" content=\"Rosa M\u00aa Romo - Hijas de Jes\u00fas\" \/>\n<meta property=\"og:description\" content=\"Rosa Maria Romo, 69 years old, born in Spain. Entered the Congregation on October 9, 1974, made her first vows on September 8, 1977 and her perpetual profession on April 3, 1983.At present, she is the President of the Board of Trustees of the Jesuitinas Educational Foundation, Treasurer of the Community of Nuestra Se\u00f1ora de [&hellip;]\" \/>\n<meta property=\"og:url\" content=\"https:\/\/hijasdejesus.org\/en\/congregada\/rosa-ma-romo\/\" \/>\n<meta property=\"og:site_name\" content=\"Hijas de Jes\u00fas\" \/>\n<meta property=\"article:publisher\" content=\"https:\/\/www.facebook.com\/hijasdejesusenelmundo\/\" \/>\n<meta property=\"article:modified_time\" content=\"2025-04-21T16:37:54+00:00\" \/>\n<meta property=\"og:image\" content=\"https:\/\/hijasdejesus.org\/wp-content\/uploads\/2025\/04\/Rosa-Ma-Romo-1024x576.png\" \/>\n\t<meta property=\"og:image:width\" content=\"1024\" \/>\n\t<meta property=\"og:image:height\" content=\"576\" \/>\n\t<meta property=\"og:image:type\" content=\"image\/png\" \/>\n<meta name=\"twitter:card\" content=\"summary_large_image\" \/>\n<meta name=\"twitter:site\" content=\"@hijasdjesus\" \/>\n<meta name=\"twitter:label1\" content=\"Est. reading time\" \/>\n\t<meta name=\"twitter:data1\" content=\"1 minute\" \/>\n<script type=\"application\/ld+json\" class=\"yoast-schema-graph\">{\"@context\":\"https:\\\/\\\/schema.org\",\"@graph\":[{\"@type\":\"WebPage\",\"@id\":\"https:\\\/\\\/hijasdejesus.org\\\/en\\\/congregada\\\/rosa-ma-romo\\\/\",\"url\":\"https:\\\/\\\/hijasdejesus.org\\\/en\\\/congregada\\\/rosa-ma-romo\\\/\",\"name\":\"Rosa M\u00aa Romo - Hijas de Jes\u00fas\",\"isPartOf\":{\"@id\":\"https:\\\/\\\/hijasdejesus.org\\\/en\\\/#website\"},\"primaryImageOfPage\":{\"@id\":\"https:\\\/\\\/hijasdejesus.org\\\/en\\\/congregada\\\/rosa-ma-romo\\\/#primaryimage\"},\"image\":{\"@id\":\"https:\\\/\\\/hijasdejesus.org\\\/en\\\/congregada\\\/rosa-ma-romo\\\/#primaryimage\"},\"thumbnailUrl\":\"https:\\\/\\\/hijasdejesus.org\\\/wp-content\\\/uploads\\\/2025\\\/04\\\/Rosa-Ma-Romo.png\",\"datePublished\":\"2025-04-10T21:13:52+00:00\",\"dateModified\":\"2025-04-21T16:37:54+00:00\",\"breadcrumb\":{\"@id\":\"https:\\\/\\\/hijasdejesus.org\\\/en\\\/congregada\\\/rosa-ma-romo\\\/#breadcrumb\"},\"inLanguage\":\"en-US\",\"potentialAction\":[{\"@type\":\"ReadAction\",\"target\":[\"https:\\\/\\\/hijasdejesus.org\\\/en\\\/congregada\\\/rosa-ma-romo\\\/\"]}]},{\"@type\":\"ImageObject\",\"inLanguage\":\"en-US\",\"@id\":\"https:\\\/\\\/hijasdejesus.org\\\/en\\\/congregada\\\/rosa-ma-romo\\\/#primaryimage\",\"url\":\"https:\\\/\\\/hijasdejesus.org\\\/wp-content\\\/uploads\\\/2025\\\/04\\\/Rosa-Ma-Romo.png\",\"contentUrl\":\"https:\\\/\\\/hijasdejesus.org\\\/wp-content\\\/uploads\\\/2025\\\/04\\\/Rosa-Ma-Romo.png\",\"width\":2176,\"height\":1224},{\"@type\":\"BreadcrumbList\",\"@id\":\"https:\\\/\\\/hijasdejesus.org\\\/en\\\/congregada\\\/rosa-ma-romo\\\/#breadcrumb\",\"itemListElement\":[{\"@type\":\"ListItem\",\"position\":1,\"name\":\"Portada\",\"item\":\"https:\\\/\\\/hijasdejesus.org\\\/en\\\/\"},{\"@type\":\"ListItem\",\"position\":2,\"name\":\"Congregadas\",\"item\":\"https:\\\/\\\/hijasdejesus.org\\\/en\\\/congregadas\\\/\"},{\"@type\":\"ListItem\",\"position\":3,\"name\":\"Rosa M\u00aa Romo\"}]},{\"@type\":\"WebSite\",\"@id\":\"https:\\\/\\\/hijasdejesus.org\\\/en\\\/#website\",\"url\":\"https:\\\/\\\/hijasdejesus.org\\\/en\\\/\",\"name\":\"Hijas de Jes\u00fas\",\"description\":\"Despertamos a Jes\u00fas en el coraz\u00f3n, sacando lo mejor de las personas. Somos una congregaci\u00f3n religiosa ignaciana fundada por la Madre Candida\",\"publisher\":{\"@id\":\"https:\\\/\\\/hijasdejesus.org\\\/en\\\/#organization\"},\"potentialAction\":[{\"@type\":\"SearchAction\",\"target\":{\"@type\":\"EntryPoint\",\"urlTemplate\":\"https:\\\/\\\/hijasdejesus.org\\\/en\\\/?s={search_term_string}\"},\"query-input\":{\"@type\":\"PropertyValueSpecification\",\"valueRequired\":true,\"valueName\":\"search_term_string\"}}],\"inLanguage\":\"en-US\"},{\"@type\":\"Organization\",\"@id\":\"https:\\\/\\\/hijasdejesus.org\\\/en\\\/#organization\",\"name\":\"Hijas de Jes\u00fas\",\"url\":\"https:\\\/\\\/hijasdejesus.org\\\/en\\\/\",\"logo\":{\"@type\":\"ImageObject\",\"inLanguage\":\"en-US\",\"@id\":\"https:\\\/\\\/hijasdejesus.org\\\/en\\\/#\\\/schema\\\/logo\\\/image\\\/\",\"url\":\"https:\\\/\\\/hijasdejesus.org\\\/wp-content\\\/uploads\\\/2023\\\/01\\\/Hijas-de-Jesus_hor-A7C957.png\",\"contentUrl\":\"https:\\\/\\\/hijasdejesus.org\\\/wp-content\\\/uploads\\\/2023\\\/01\\\/Hijas-de-Jesus_hor-A7C957.png\",\"width\":700,\"height\":360,\"caption\":\"Hijas de Jes\u00fas\"},\"image\":{\"@id\":\"https:\\\/\\\/hijasdejesus.org\\\/en\\\/#\\\/schema\\\/logo\\\/image\\\/\"},\"sameAs\":[\"https:\\\/\\\/www.facebook.com\\\/hijasdejesusenelmundo\\\/\",\"https:\\\/\\\/x.com\\\/hijasdjesus\"]}]}<\/script>\n<!-- \/ Yoast SEO plugin. -->","yoast_head_json":{"title":"Rosa M\u00aa Romo - Hijas de Jes\u00fas","robots":{"index":"index","follow":"follow","max-snippet":"max-snippet:-1","max-image-preview":"max-image-preview:large","max-video-preview":"max-video-preview:-1"},"canonical":"https:\/\/hijasdejesus.org\/en\/congregada\/rosa-ma-romo\/","og_locale":"en_US","og_type":"article","og_title":"Rosa M\u00aa Romo - Hijas de Jes\u00fas","og_description":"Rosa Maria Romo, 69 years old, born in Spain. Entered the Congregation on October 9, 1974, made her first vows on September 8, 1977 and her perpetual profession on April 3, 1983.At present, she is the President of the Board of Trustees of the Jesuitinas Educational Foundation, Treasurer of the Community of Nuestra Se\u00f1ora de [&hellip;]","og_url":"https:\/\/hijasdejesus.org\/en\/congregada\/rosa-ma-romo\/","og_site_name":"Hijas de Jes\u00fas","article_publisher":"https:\/\/www.facebook.com\/hijasdejesusenelmundo\/","article_modified_time":"2025-04-21T16:37:54+00:00","og_image":[{"width":1024,"height":576,"url":"https:\/\/hijasdejesus.org\/wp-content\/uploads\/2025\/04\/Rosa-Ma-Romo-1024x576.png","type":"image\/png"}],"twitter_card":"summary_large_image","twitter_site":"@hijasdjesus","twitter_misc":{"Est. reading time":"1 minute"},"schema":{"@context":"https:\/\/schema.org","@graph":[{"@type":"WebPage","@id":"https:\/\/hijasdejesus.org\/en\/congregada\/rosa-ma-romo\/","url":"https:\/\/hijasdejesus.org\/en\/congregada\/rosa-ma-romo\/","name":"Rosa M\u00aa Romo - Hijas de Jes\u00fas","isPartOf":{"@id":"https:\/\/hijasdejesus.org\/en\/#website"},"primaryImageOfPage":{"@id":"https:\/\/hijasdejesus.org\/en\/congregada\/rosa-ma-romo\/#primaryimage"},"image":{"@id":"https:\/\/hijasdejesus.org\/en\/congregada\/rosa-ma-romo\/#primaryimage"},"thumbnailUrl":"https:\/\/hijasdejesus.org\/wp-content\/uploads\/2025\/04\/Rosa-Ma-Romo.png","datePublished":"2025-04-10T21:13:52+00:00","dateModified":"2025-04-21T16:37:54+00:00","breadcrumb":{"@id":"https:\/\/hijasdejesus.org\/en\/congregada\/rosa-ma-romo\/#breadcrumb"},"inLanguage":"en-US","potentialAction":[{"@type":"ReadAction","target":["https:\/\/hijasdejesus.org\/en\/congregada\/rosa-ma-romo\/"]}]},{"@type":"ImageObject","inLanguage":"en-US","@id":"https:\/\/hijasdejesus.org\/en\/congregada\/rosa-ma-romo\/#primaryimage","url":"https:\/\/hijasdejesus.org\/wp-content\/uploads\/2025\/04\/Rosa-Ma-Romo.png","contentUrl":"https:\/\/hijasdejesus.org\/wp-content\/uploads\/2025\/04\/Rosa-Ma-Romo.png","width":2176,"height":1224},{"@type":"BreadcrumbList","@id":"https:\/\/hijasdejesus.org\/en\/congregada\/rosa-ma-romo\/#breadcrumb","itemListElement":[{"@type":"ListItem","position":1,"name":"Portada","item":"https:\/\/hijasdejesus.org\/en\/"},{"@type":"ListItem","position":2,"name":"Congregadas","item":"https:\/\/hijasdejesus.org\/en\/congregadas\/"},{"@type":"ListItem","position":3,"name":"Rosa M\u00aa Romo"}]},{"@type":"WebSite","@id":"https:\/\/hijasdejesus.org\/en\/#website","url":"https:\/\/hijasdejesus.org\/en\/","name":"Hijas de Jes\u00fas","description":"Despertamos a Jes\u00fas en el coraz\u00f3n, sacando lo mejor de las personas. Somos una congregaci\u00f3n religiosa ignaciana fundada por la Madre Candida","publisher":{"@id":"https:\/\/hijasdejesus.org\/en\/#organization"},"potentialAction":[{"@type":"SearchAction","target":{"@type":"EntryPoint","urlTemplate":"https:\/\/hijasdejesus.org\/en\/?s={search_term_string}"},"query-input":{"@type":"PropertyValueSpecification","valueRequired":true,"valueName":"search_term_string"}}],"inLanguage":"en-US"},{"@type":"Organization","@id":"https:\/\/hijasdejesus.org\/en\/#organization","name":"Hijas de Jes\u00fas","url":"https:\/\/hijasdejesus.org\/en\/","logo":{"@type":"ImageObject","inLanguage":"en-US","@id":"https:\/\/hijasdejesus.org\/en\/#\/schema\/logo\/image\/","url":"https:\/\/hijasdejesus.org\/wp-content\/uploads\/2023\/01\/Hijas-de-Jesus_hor-A7C957.png","contentUrl":"https:\/\/hijasdejesus.org\/wp-content\/uploads\/2023\/01\/Hijas-de-Jesus_hor-A7C957.png","width":700,"height":360,"caption":"Hijas de Jes\u00fas"},"image":{"@id":"https:\/\/hijasdejesus.org\/en\/#\/schema\/logo\/image\/"},"sameAs":["https:\/\/www.facebook.com\/hijasdejesusenelmundo\/","https:\/\/x.com\/hijasdjesus"]}]}},"_links":{"self":[{"href":"https:\/\/hijasdejesus.org\/en\/wp-json\/wp\/v2\/congregada\/47222","targetHints":{"allow":["GET"]}}],"collection":[{"href":"https:\/\/hijasdejesus.org\/en\/wp-json\/wp\/v2\/congregada"}],"about":[{"href":"https:\/\/hijasdejesus.org\/en\/wp-json\/wp\/v2\/types\/congregada"}],"wp:featuredmedia":[{"embeddable":true,"href":"https:\/\/hijasdejesus.org\/en\/wp-json\/wp\/v2\/media\/47219"}],"wp:attachment":[{"href":"https:\/\/hijasdejesus.org\/en\/wp-json\/wp\/v2\/media?parent=47222"}],"wp:term":[{"taxonomy":"region_congregadas","embeddable":true,"href":"https:\/\/hijasdejesus.org\/en\/wp-json\/wp\/v2\/region_congregadas?post=47222"}],"curies":[{"name":"wp","href":"https:\/\/api.w.org\/{rel}","templated":true}]}}