{"id":31946,"date":"2023-02-02T08:55:13","date_gmt":"2023-02-02T07:55:13","guid":{"rendered":"https:\/\/hijasdejesus.org\/events\/birth-of-fr-herranz-sj\/"},"modified":"2023-06-18T13:28:33","modified_gmt":"2023-06-18T11:28:33","slug":"birth-of-fr-herranz-sj","status":"publish","type":"mec-events","link":"https:\/\/hijasdejesus.org\/en\/events\/birth-of-fr-herranz-sj\/","title":{"rendered":"Birth of Fr. Herranz, sj"},"content":{"rendered":"<p>This is the familiar name of this Jesuit priest who was born on July 5, 1819 in the city of Valladolid (Spain). In 1868, the revolution expelled the Jesuits from the Colegio M\u00e1ximo de Le\u00f3n. Miguel de los Santos San Jos\u00e9 Herranz (Fr. Herranz) decided to stay in Valladolid with his brothers. The stay among her family will be the occasion for Juana Josefa, upon her arrival in Valladolid, to meet the Jesuit who will help her discover her vocation, the teacher from whom she will learn so many things, the counselor who will provide her with guidance and strength.<\/p>\n<p>Fr. Herranz was to be the great collaborator of M. Candida in the search for ways and in the realization of the project that the Lord has for both of them: to found a congregation dedicated to the education of children and youth. The foundress, M. Candida; Fr. Herranz, her faithful help even at a distance.<\/p>\n<p>Sandalio Garc\u00eda Alcalde says of him:<\/p>\n<blockquote><p>As for his moral person, he was a man of few words, of right and sound judgment, very sure in his advice, very prudent in his resolutions and very firm and constant in what he once determined; extremely humble and obedient, mortified to the highest degree and of unlimited confidence in God through prayer and conformity to his will.<\/p>\n<p>Neither flattering nor fearful of human respect, with a lively character and temperament, but very reflective, with much self-control, kind and good-natured with everyone, frank and jovial in conversation.<\/p><\/blockquote>\n<p>In 1984, Fr. Manuel Revuelta, sj:<\/p>\n<blockquote><p>He was a strong and affable Spaniard, as effective as he was silent, so frugal and discreet that, having been a very active man, he has left hardly any trace in Jesuit documentation.<\/p><\/blockquote>\n<p>A man of firm faith, a true religious, obedient, he will know how to read the events that the day to day will present to him and will always trust in the provident God.<\/p>\n<p>We are grateful for her life, her advice and her confidence in M. Candida to accompany her in the disproportionate mission that God entrusted to her. Candida to accompany her in the disproportionate mission that God entrusted to her.<\/p>\n<h6><em>Information extracted from the book of the Daughter of Jesus Beatriz Macarro: &#8220;El P. Miguel San Jos\u00e9 Herranz y la congregaci\u00f3n de las Hijas de Jes\u00fas&#8221; (Father Miguel San Jos\u00e9 Herranz and the Congregation of the Daughters of Jesus).<\/em><\/h6>\n","protected":false},"excerpt":{"rendered":"<p>This is the familiar name of this Jesuit priest who was born on July 5, 1819 in the city of Valladolid (Spain). In 1868, the revolution expelled the Jesuits from the Colegio M\u00e1ximo de Le\u00f3n. Miguel de los Santos San Jos\u00e9 Herranz (Fr. Herranz) decided to stay in Valladolid with his brothers. The stay among [&hellip;]<\/p>\n","protected":false},"author":28,"featured_media":34697,"comment_status":"closed","ping_status":"closed","template":"","meta":{"_et_pb_use_builder":"","_et_pb_old_content":"","_et_gb_content_width":"","_links_to":"","_links_to_target":""},"tags":[],"mec_category":[868,903],"class_list":["post-31946","mec-events","type-mec-events","status-publish","has-post-thumbnail","hentry","mec_category-daughters-of-jesus","mec_category-p-herranz-en"],"yoast_head":"<!-- This site is optimized with the Yoast SEO plugin v27.4 - https:\/\/yoast.com\/product\/yoast-seo-wordpress\/ -->\n<title>Birth of Fr. Herranz, sj - Hijas de Jes\u00fas<\/title>\n<meta name=\"robots\" content=\"index, follow, max-snippet:-1, max-image-preview:large, max-video-preview:-1\" \/>\n<link rel=\"canonical\" href=\"https:\/\/hijasdejesus.org\/en\/events\/birth-of-fr-herranz-sj\/\" \/>\n<meta property=\"og:locale\" content=\"en_US\" \/>\n<meta property=\"og:type\" content=\"article\" \/>\n<meta property=\"og:title\" content=\"Birth of Fr. Herranz, sj - Hijas de Jes\u00fas\" \/>\n<meta property=\"og:description\" content=\"This is the familiar name of this Jesuit priest who was born on July 5, 1819 in the city of Valladolid (Spain). In 1868, the revolution expelled the Jesuits from the Colegio M\u00e1ximo de Le\u00f3n. Miguel de los Santos San Jos\u00e9 Herranz (Fr. Herranz) decided to stay in Valladolid with his brothers. The stay among [&hellip;]\" \/>\n<meta property=\"og:url\" content=\"https:\/\/hijasdejesus.org\/en\/events\/birth-of-fr-herranz-sj\/\" \/>\n<meta property=\"og:site_name\" content=\"Hijas de Jes\u00fas\" \/>\n<meta property=\"article:publisher\" content=\"https:\/\/www.facebook.com\/hijasdejesusenelmundo\/\" \/>\n<meta property=\"article:modified_time\" content=\"2023-06-18T11:28:33+00:00\" \/>\n<meta property=\"og:image\" content=\"https:\/\/hijasdejesus.org\/wp-content\/uploads\/2023\/02\/P.Herranz-e1687087517654.jpg\" \/>\n\t<meta property=\"og:image:width\" content=\"683\" \/>\n\t<meta property=\"og:image:height\" content=\"1024\" \/>\n\t<meta property=\"og:image:type\" content=\"image\/jpeg\" \/>\n<meta name=\"twitter:card\" content=\"summary_large_image\" \/>\n<meta name=\"twitter:site\" content=\"@hijasdjesus\" \/>\n<meta name=\"twitter:label1\" content=\"Est. reading time\" \/>\n\t<meta name=\"twitter:data1\" content=\"2 minutes\" \/>\n<script type=\"application\/ld+json\" class=\"yoast-schema-graph\">{\"@context\":\"https:\\\/\\\/schema.org\",\"@graph\":[{\"@type\":\"WebPage\",\"@id\":\"https:\\\/\\\/hijasdejesus.org\\\/en\\\/events\\\/birth-of-fr-herranz-sj\\\/\",\"url\":\"https:\\\/\\\/hijasdejesus.org\\\/en\\\/events\\\/birth-of-fr-herranz-sj\\\/\",\"name\":\"Birth of Fr. Herranz, sj - Hijas de Jes\u00fas\",\"isPartOf\":{\"@id\":\"https:\\\/\\\/hijasdejesus.org\\\/en\\\/#website\"},\"primaryImageOfPage\":{\"@id\":\"https:\\\/\\\/hijasdejesus.org\\\/en\\\/events\\\/birth-of-fr-herranz-sj\\\/#primaryimage\"},\"image\":{\"@id\":\"https:\\\/\\\/hijasdejesus.org\\\/en\\\/events\\\/birth-of-fr-herranz-sj\\\/#primaryimage\"},\"thumbnailUrl\":\"https:\\\/\\\/hijasdejesus.org\\\/wp-content\\\/uploads\\\/2023\\\/02\\\/P.Herranz-e1687087517654.jpg\",\"datePublished\":\"2023-02-02T07:55:13+00:00\",\"dateModified\":\"2023-06-18T11:28:33+00:00\",\"breadcrumb\":{\"@id\":\"https:\\\/\\\/hijasdejesus.org\\\/en\\\/events\\\/birth-of-fr-herranz-sj\\\/#breadcrumb\"},\"inLanguage\":\"en-US\",\"potentialAction\":[{\"@type\":\"ReadAction\",\"target\":[\"https:\\\/\\\/hijasdejesus.org\\\/en\\\/events\\\/birth-of-fr-herranz-sj\\\/\"]}]},{\"@type\":\"ImageObject\",\"inLanguage\":\"en-US\",\"@id\":\"https:\\\/\\\/hijasdejesus.org\\\/en\\\/events\\\/birth-of-fr-herranz-sj\\\/#primaryimage\",\"url\":\"https:\\\/\\\/hijasdejesus.org\\\/wp-content\\\/uploads\\\/2023\\\/02\\\/P.Herranz-e1687087517654.jpg\",\"contentUrl\":\"https:\\\/\\\/hijasdejesus.org\\\/wp-content\\\/uploads\\\/2023\\\/02\\\/P.Herranz-e1687087517654.jpg\",\"width\":683,\"height\":1024},{\"@type\":\"BreadcrumbList\",\"@id\":\"https:\\\/\\\/hijasdejesus.org\\\/en\\\/events\\\/birth-of-fr-herranz-sj\\\/#breadcrumb\",\"itemListElement\":[{\"@type\":\"ListItem\",\"position\":1,\"name\":\"Portada\",\"item\":\"https:\\\/\\\/hijasdejesus.org\\\/en\\\/\"},{\"@type\":\"ListItem\",\"position\":2,\"name\":\"Events\",\"item\":\"https:\\\/\\\/hijasdejesus.org\\\/en\\\/events\\\/\"},{\"@type\":\"ListItem\",\"position\":3,\"name\":\"Birth of Fr. Herranz, sj\"}]},{\"@type\":\"WebSite\",\"@id\":\"https:\\\/\\\/hijasdejesus.org\\\/en\\\/#website\",\"url\":\"https:\\\/\\\/hijasdejesus.org\\\/en\\\/\",\"name\":\"Hijas de Jes\u00fas\",\"description\":\"Despertamos a Jes\u00fas en el coraz\u00f3n, sacando lo mejor de las personas. Somos una congregaci\u00f3n religiosa ignaciana fundada por la Madre Candida\",\"publisher\":{\"@id\":\"https:\\\/\\\/hijasdejesus.org\\\/en\\\/#organization\"},\"potentialAction\":[{\"@type\":\"SearchAction\",\"target\":{\"@type\":\"EntryPoint\",\"urlTemplate\":\"https:\\\/\\\/hijasdejesus.org\\\/en\\\/?s={search_term_string}\"},\"query-input\":{\"@type\":\"PropertyValueSpecification\",\"valueRequired\":true,\"valueName\":\"search_term_string\"}}],\"inLanguage\":\"en-US\"},{\"@type\":\"Organization\",\"@id\":\"https:\\\/\\\/hijasdejesus.org\\\/en\\\/#organization\",\"name\":\"Hijas de Jes\u00fas\",\"url\":\"https:\\\/\\\/hijasdejesus.org\\\/en\\\/\",\"logo\":{\"@type\":\"ImageObject\",\"inLanguage\":\"en-US\",\"@id\":\"https:\\\/\\\/hijasdejesus.org\\\/en\\\/#\\\/schema\\\/logo\\\/image\\\/\",\"url\":\"https:\\\/\\\/hijasdejesus.org\\\/wp-content\\\/uploads\\\/2023\\\/01\\\/Hijas-de-Jesus_hor-A7C957.png\",\"contentUrl\":\"https:\\\/\\\/hijasdejesus.org\\\/wp-content\\\/uploads\\\/2023\\\/01\\\/Hijas-de-Jesus_hor-A7C957.png\",\"width\":700,\"height\":360,\"caption\":\"Hijas de Jes\u00fas\"},\"image\":{\"@id\":\"https:\\\/\\\/hijasdejesus.org\\\/en\\\/#\\\/schema\\\/logo\\\/image\\\/\"},\"sameAs\":[\"https:\\\/\\\/www.facebook.com\\\/hijasdejesusenelmundo\\\/\",\"https:\\\/\\\/x.com\\\/hijasdjesus\"]}]}<\/script>\n<!-- \/ Yoast SEO plugin. -->","yoast_head_json":{"title":"Birth of Fr. Herranz, sj - Hijas de Jes\u00fas","robots":{"index":"index","follow":"follow","max-snippet":"max-snippet:-1","max-image-preview":"max-image-preview:large","max-video-preview":"max-video-preview:-1"},"canonical":"https:\/\/hijasdejesus.org\/en\/events\/birth-of-fr-herranz-sj\/","og_locale":"en_US","og_type":"article","og_title":"Birth of Fr. Herranz, sj - Hijas de Jes\u00fas","og_description":"This is the familiar name of this Jesuit priest who was born on July 5, 1819 in the city of Valladolid (Spain). In 1868, the revolution expelled the Jesuits from the Colegio M\u00e1ximo de Le\u00f3n. Miguel de los Santos San Jos\u00e9 Herranz (Fr. Herranz) decided to stay in Valladolid with his brothers. The stay among [&hellip;]","og_url":"https:\/\/hijasdejesus.org\/en\/events\/birth-of-fr-herranz-sj\/","og_site_name":"Hijas de Jes\u00fas","article_publisher":"https:\/\/www.facebook.com\/hijasdejesusenelmundo\/","article_modified_time":"2023-06-18T11:28:33+00:00","og_image":[{"width":683,"height":1024,"url":"https:\/\/hijasdejesus.org\/wp-content\/uploads\/2023\/02\/P.Herranz-e1687087517654.jpg","type":"image\/jpeg"}],"twitter_card":"summary_large_image","twitter_site":"@hijasdjesus","twitter_misc":{"Est. reading time":"2 minutes"},"schema":{"@context":"https:\/\/schema.org","@graph":[{"@type":"WebPage","@id":"https:\/\/hijasdejesus.org\/en\/events\/birth-of-fr-herranz-sj\/","url":"https:\/\/hijasdejesus.org\/en\/events\/birth-of-fr-herranz-sj\/","name":"Birth of Fr. Herranz, sj - Hijas de Jes\u00fas","isPartOf":{"@id":"https:\/\/hijasdejesus.org\/en\/#website"},"primaryImageOfPage":{"@id":"https:\/\/hijasdejesus.org\/en\/events\/birth-of-fr-herranz-sj\/#primaryimage"},"image":{"@id":"https:\/\/hijasdejesus.org\/en\/events\/birth-of-fr-herranz-sj\/#primaryimage"},"thumbnailUrl":"https:\/\/hijasdejesus.org\/wp-content\/uploads\/2023\/02\/P.Herranz-e1687087517654.jpg","datePublished":"2023-02-02T07:55:13+00:00","dateModified":"2023-06-18T11:28:33+00:00","breadcrumb":{"@id":"https:\/\/hijasdejesus.org\/en\/events\/birth-of-fr-herranz-sj\/#breadcrumb"},"inLanguage":"en-US","potentialAction":[{"@type":"ReadAction","target":["https:\/\/hijasdejesus.org\/en\/events\/birth-of-fr-herranz-sj\/"]}]},{"@type":"ImageObject","inLanguage":"en-US","@id":"https:\/\/hijasdejesus.org\/en\/events\/birth-of-fr-herranz-sj\/#primaryimage","url":"https:\/\/hijasdejesus.org\/wp-content\/uploads\/2023\/02\/P.Herranz-e1687087517654.jpg","contentUrl":"https:\/\/hijasdejesus.org\/wp-content\/uploads\/2023\/02\/P.Herranz-e1687087517654.jpg","width":683,"height":1024},{"@type":"BreadcrumbList","@id":"https:\/\/hijasdejesus.org\/en\/events\/birth-of-fr-herranz-sj\/#breadcrumb","itemListElement":[{"@type":"ListItem","position":1,"name":"Portada","item":"https:\/\/hijasdejesus.org\/en\/"},{"@type":"ListItem","position":2,"name":"Events","item":"https:\/\/hijasdejesus.org\/en\/events\/"},{"@type":"ListItem","position":3,"name":"Birth of Fr. Herranz, sj"}]},{"@type":"WebSite","@id":"https:\/\/hijasdejesus.org\/en\/#website","url":"https:\/\/hijasdejesus.org\/en\/","name":"Hijas de Jes\u00fas","description":"Despertamos a Jes\u00fas en el coraz\u00f3n, sacando lo mejor de las personas. Somos una congregaci\u00f3n religiosa ignaciana fundada por la Madre Candida","publisher":{"@id":"https:\/\/hijasdejesus.org\/en\/#organization"},"potentialAction":[{"@type":"SearchAction","target":{"@type":"EntryPoint","urlTemplate":"https:\/\/hijasdejesus.org\/en\/?s={search_term_string}"},"query-input":{"@type":"PropertyValueSpecification","valueRequired":true,"valueName":"search_term_string"}}],"inLanguage":"en-US"},{"@type":"Organization","@id":"https:\/\/hijasdejesus.org\/en\/#organization","name":"Hijas de Jes\u00fas","url":"https:\/\/hijasdejesus.org\/en\/","logo":{"@type":"ImageObject","inLanguage":"en-US","@id":"https:\/\/hijasdejesus.org\/en\/#\/schema\/logo\/image\/","url":"https:\/\/hijasdejesus.org\/wp-content\/uploads\/2023\/01\/Hijas-de-Jesus_hor-A7C957.png","contentUrl":"https:\/\/hijasdejesus.org\/wp-content\/uploads\/2023\/01\/Hijas-de-Jesus_hor-A7C957.png","width":700,"height":360,"caption":"Hijas de Jes\u00fas"},"image":{"@id":"https:\/\/hijasdejesus.org\/en\/#\/schema\/logo\/image\/"},"sameAs":["https:\/\/www.facebook.com\/hijasdejesusenelmundo\/","https:\/\/x.com\/hijasdjesus"]}]}},"_links":{"self":[{"href":"https:\/\/hijasdejesus.org\/en\/wp-json\/wp\/v2\/mec-events\/31946","targetHints":{"allow":["GET"]}}],"collection":[{"href":"https:\/\/hijasdejesus.org\/en\/wp-json\/wp\/v2\/mec-events"}],"about":[{"href":"https:\/\/hijasdejesus.org\/en\/wp-json\/wp\/v2\/types\/mec-events"}],"author":[{"embeddable":true,"href":"https:\/\/hijasdejesus.org\/en\/wp-json\/wp\/v2\/users\/28"}],"replies":[{"embeddable":true,"href":"https:\/\/hijasdejesus.org\/en\/wp-json\/wp\/v2\/comments?post=31946"}],"wp:featuredmedia":[{"embeddable":true,"href":"https:\/\/hijasdejesus.org\/en\/wp-json\/wp\/v2\/media\/34697"}],"wp:attachment":[{"href":"https:\/\/hijasdejesus.org\/en\/wp-json\/wp\/v2\/media?parent=31946"}],"wp:term":[{"taxonomy":"post_tag","embeddable":true,"href":"https:\/\/hijasdejesus.org\/en\/wp-json\/wp\/v2\/tags?post=31946"},{"taxonomy":"mec_category","embeddable":true,"href":"https:\/\/hijasdejesus.org\/en\/wp-json\/wp\/v2\/mec_category?post=31946"}],"curies":[{"name":"wp","href":"https:\/\/api.w.org\/{rel}","templated":true}]}}