{"id":46046,"date":"2024-03-01T12:05:33","date_gmt":"2024-03-01T11:05:33","guid":{"rendered":"https:\/\/hijasdejesus.org\/vidas\/teresa-garcia-roman\/"},"modified":"2025-03-05T08:40:28","modified_gmt":"2025-03-05T07:40:28","slug":"teresa-garcia-roman","status":"publish","type":"vidas","link":"https:\/\/hijasdejesus.org\/en\/vidas\/teresa-garcia-roman\/","title":{"rendered":"Teresa Garc\u00eda Rom\u00e1n"},"content":{"rendered":"\n<p>I love life, in its many facets, received from the Lord up to this moment, and supported by the Congregation, my family, the companions and families of the different educational communities, catechists and volunteers that I have met along the road I am traveling. I love my vocation as a Daughter of Jesus educator that has helped me to broaden my horizons and to grow as a woman and Daughter of Jesus. I love my collaboration in FASFI and CARITAS from the reception, listening and commitment to the greatest needs in the field of poverty today.  <\/p>\n","protected":false},"excerpt":{"rendered":"<p>I love life, in its many facets, received from the Lord up to this moment.<\/p>\n","protected":false},"featured_media":38569,"template":"","meta":{"_et_pb_use_builder":"","_et_pb_old_content":"","_et_gb_content_width":"","_links_to":"","_links_to_target":""},"categories":[520],"tags":[],"class_list":["post-46046","vidas","type-vidas","status-publish","has-post-thumbnail","hentry","category-spain-italy"],"yoast_head":"<!-- This site is optimized with the Yoast SEO plugin v27.5 - https:\/\/yoast.com\/product\/yoast-seo-wordpress\/ -->\n<title>Teresa Garc\u00eda Rom\u00e1n - Hijas de Jes\u00fas<\/title>\n<meta name=\"robots\" content=\"index, follow, max-snippet:-1, max-image-preview:large, max-video-preview:-1\" \/>\n<link rel=\"canonical\" href=\"https:\/\/hijasdejesus.org\/en\/vidas\/teresa-garcia-roman\/\" \/>\n<meta property=\"og:locale\" content=\"en_US\" \/>\n<meta property=\"og:type\" content=\"article\" \/>\n<meta property=\"og:title\" content=\"Teresa Garc\u00eda Rom\u00e1n - Hijas de Jes\u00fas\" \/>\n<meta property=\"og:description\" content=\"I love life, in its many facets, received from the Lord up to this moment.\" \/>\n<meta property=\"og:url\" content=\"https:\/\/hijasdejesus.org\/en\/vidas\/teresa-garcia-roman\/\" \/>\n<meta property=\"og:site_name\" content=\"Hijas de Jes\u00fas\" \/>\n<meta property=\"article:publisher\" content=\"https:\/\/www.facebook.com\/hijasdejesusenelmundo\/\" \/>\n<meta property=\"article:modified_time\" content=\"2025-03-05T07:40:28+00:00\" \/>\n<meta property=\"og:image\" content=\"https:\/\/hijasdejesus.org\/wp-content\/uploads\/2024\/03\/Teresa-Garcia-Roman-20221110.jpg\" \/>\n\t<meta property=\"og:image:width\" content=\"1512\" \/>\n\t<meta property=\"og:image:height\" content=\"2016\" \/>\n\t<meta property=\"og:image:type\" content=\"image\/jpeg\" \/>\n<meta name=\"twitter:card\" content=\"summary_large_image\" \/>\n<meta name=\"twitter:site\" content=\"@hijasdjesus\" \/>\n<script type=\"application\/ld+json\" class=\"yoast-schema-graph\">{\"@context\":\"https:\\\/\\\/schema.org\",\"@graph\":[{\"@type\":\"WebPage\",\"@id\":\"https:\\\/\\\/hijasdejesus.org\\\/en\\\/vidas\\\/teresa-garcia-roman\\\/\",\"url\":\"https:\\\/\\\/hijasdejesus.org\\\/en\\\/vidas\\\/teresa-garcia-roman\\\/\",\"name\":\"Teresa Garc\u00eda Rom\u00e1n - Hijas de Jes\u00fas\",\"isPartOf\":{\"@id\":\"https:\\\/\\\/hijasdejesus.org\\\/en\\\/#website\"},\"primaryImageOfPage\":{\"@id\":\"https:\\\/\\\/hijasdejesus.org\\\/en\\\/vidas\\\/teresa-garcia-roman\\\/#primaryimage\"},\"image\":{\"@id\":\"https:\\\/\\\/hijasdejesus.org\\\/en\\\/vidas\\\/teresa-garcia-roman\\\/#primaryimage\"},\"thumbnailUrl\":\"https:\\\/\\\/hijasdejesus.org\\\/wp-content\\\/uploads\\\/2024\\\/03\\\/Teresa-Garcia-Roman-20221110.jpg\",\"datePublished\":\"2024-03-01T11:05:33+00:00\",\"dateModified\":\"2025-03-05T07:40:28+00:00\",\"breadcrumb\":{\"@id\":\"https:\\\/\\\/hijasdejesus.org\\\/en\\\/vidas\\\/teresa-garcia-roman\\\/#breadcrumb\"},\"inLanguage\":\"en-US\",\"potentialAction\":[{\"@type\":\"ReadAction\",\"target\":[\"https:\\\/\\\/hijasdejesus.org\\\/en\\\/vidas\\\/teresa-garcia-roman\\\/\"]}]},{\"@type\":\"ImageObject\",\"inLanguage\":\"en-US\",\"@id\":\"https:\\\/\\\/hijasdejesus.org\\\/en\\\/vidas\\\/teresa-garcia-roman\\\/#primaryimage\",\"url\":\"https:\\\/\\\/hijasdejesus.org\\\/wp-content\\\/uploads\\\/2024\\\/03\\\/Teresa-Garcia-Roman-20221110.jpg\",\"contentUrl\":\"https:\\\/\\\/hijasdejesus.org\\\/wp-content\\\/uploads\\\/2024\\\/03\\\/Teresa-Garcia-Roman-20221110.jpg\",\"width\":1512,\"height\":2016},{\"@type\":\"BreadcrumbList\",\"@id\":\"https:\\\/\\\/hijasdejesus.org\\\/en\\\/vidas\\\/teresa-garcia-roman\\\/#breadcrumb\",\"itemListElement\":[{\"@type\":\"ListItem\",\"position\":1,\"name\":\"Portada\",\"item\":\"https:\\\/\\\/hijasdejesus.org\\\/en\\\/\"},{\"@type\":\"ListItem\",\"position\":2,\"name\":\"Vida\",\"item\":\"https:\\\/\\\/hijasdejesus.org\\\/en\\\/vidas\\\/\"},{\"@type\":\"ListItem\",\"position\":3,\"name\":\"Teresa Garc\u00eda Rom\u00e1n\"}]},{\"@type\":\"WebSite\",\"@id\":\"https:\\\/\\\/hijasdejesus.org\\\/en\\\/#website\",\"url\":\"https:\\\/\\\/hijasdejesus.org\\\/en\\\/\",\"name\":\"Hijas de Jes\u00fas\",\"description\":\"Despertamos a Jes\u00fas en el coraz\u00f3n, sacando lo mejor de las personas. Somos una congregaci\u00f3n religiosa ignaciana fundada por la Madre Candida\",\"publisher\":{\"@id\":\"https:\\\/\\\/hijasdejesus.org\\\/en\\\/#organization\"},\"potentialAction\":[{\"@type\":\"SearchAction\",\"target\":{\"@type\":\"EntryPoint\",\"urlTemplate\":\"https:\\\/\\\/hijasdejesus.org\\\/en\\\/?s={search_term_string}\"},\"query-input\":{\"@type\":\"PropertyValueSpecification\",\"valueRequired\":true,\"valueName\":\"search_term_string\"}}],\"inLanguage\":\"en-US\"},{\"@type\":\"Organization\",\"@id\":\"https:\\\/\\\/hijasdejesus.org\\\/en\\\/#organization\",\"name\":\"Hijas de Jes\u00fas\",\"url\":\"https:\\\/\\\/hijasdejesus.org\\\/en\\\/\",\"logo\":{\"@type\":\"ImageObject\",\"inLanguage\":\"en-US\",\"@id\":\"https:\\\/\\\/hijasdejesus.org\\\/en\\\/#\\\/schema\\\/logo\\\/image\\\/\",\"url\":\"https:\\\/\\\/hijasdejesus.org\\\/wp-content\\\/uploads\\\/2023\\\/01\\\/Hijas-de-Jesus_hor-A7C957.png\",\"contentUrl\":\"https:\\\/\\\/hijasdejesus.org\\\/wp-content\\\/uploads\\\/2023\\\/01\\\/Hijas-de-Jesus_hor-A7C957.png\",\"width\":700,\"height\":360,\"caption\":\"Hijas de Jes\u00fas\"},\"image\":{\"@id\":\"https:\\\/\\\/hijasdejesus.org\\\/en\\\/#\\\/schema\\\/logo\\\/image\\\/\"},\"sameAs\":[\"https:\\\/\\\/www.facebook.com\\\/hijasdejesusenelmundo\\\/\",\"https:\\\/\\\/x.com\\\/hijasdjesus\"]}]}<\/script>\n<!-- \/ Yoast SEO plugin. -->","yoast_head_json":{"title":"Teresa Garc\u00eda Rom\u00e1n - Hijas de Jes\u00fas","robots":{"index":"index","follow":"follow","max-snippet":"max-snippet:-1","max-image-preview":"max-image-preview:large","max-video-preview":"max-video-preview:-1"},"canonical":"https:\/\/hijasdejesus.org\/en\/vidas\/teresa-garcia-roman\/","og_locale":"en_US","og_type":"article","og_title":"Teresa Garc\u00eda Rom\u00e1n - Hijas de Jes\u00fas","og_description":"I love life, in its many facets, received from the Lord up to this moment.","og_url":"https:\/\/hijasdejesus.org\/en\/vidas\/teresa-garcia-roman\/","og_site_name":"Hijas de Jes\u00fas","article_publisher":"https:\/\/www.facebook.com\/hijasdejesusenelmundo\/","article_modified_time":"2025-03-05T07:40:28+00:00","og_image":[{"width":1512,"height":2016,"url":"https:\/\/hijasdejesus.org\/wp-content\/uploads\/2024\/03\/Teresa-Garcia-Roman-20221110.jpg","type":"image\/jpeg"}],"twitter_card":"summary_large_image","twitter_site":"@hijasdjesus","schema":{"@context":"https:\/\/schema.org","@graph":[{"@type":"WebPage","@id":"https:\/\/hijasdejesus.org\/en\/vidas\/teresa-garcia-roman\/","url":"https:\/\/hijasdejesus.org\/en\/vidas\/teresa-garcia-roman\/","name":"Teresa Garc\u00eda Rom\u00e1n - Hijas de Jes\u00fas","isPartOf":{"@id":"https:\/\/hijasdejesus.org\/en\/#website"},"primaryImageOfPage":{"@id":"https:\/\/hijasdejesus.org\/en\/vidas\/teresa-garcia-roman\/#primaryimage"},"image":{"@id":"https:\/\/hijasdejesus.org\/en\/vidas\/teresa-garcia-roman\/#primaryimage"},"thumbnailUrl":"https:\/\/hijasdejesus.org\/wp-content\/uploads\/2024\/03\/Teresa-Garcia-Roman-20221110.jpg","datePublished":"2024-03-01T11:05:33+00:00","dateModified":"2025-03-05T07:40:28+00:00","breadcrumb":{"@id":"https:\/\/hijasdejesus.org\/en\/vidas\/teresa-garcia-roman\/#breadcrumb"},"inLanguage":"en-US","potentialAction":[{"@type":"ReadAction","target":["https:\/\/hijasdejesus.org\/en\/vidas\/teresa-garcia-roman\/"]}]},{"@type":"ImageObject","inLanguage":"en-US","@id":"https:\/\/hijasdejesus.org\/en\/vidas\/teresa-garcia-roman\/#primaryimage","url":"https:\/\/hijasdejesus.org\/wp-content\/uploads\/2024\/03\/Teresa-Garcia-Roman-20221110.jpg","contentUrl":"https:\/\/hijasdejesus.org\/wp-content\/uploads\/2024\/03\/Teresa-Garcia-Roman-20221110.jpg","width":1512,"height":2016},{"@type":"BreadcrumbList","@id":"https:\/\/hijasdejesus.org\/en\/vidas\/teresa-garcia-roman\/#breadcrumb","itemListElement":[{"@type":"ListItem","position":1,"name":"Portada","item":"https:\/\/hijasdejesus.org\/en\/"},{"@type":"ListItem","position":2,"name":"Vida","item":"https:\/\/hijasdejesus.org\/en\/vidas\/"},{"@type":"ListItem","position":3,"name":"Teresa Garc\u00eda Rom\u00e1n"}]},{"@type":"WebSite","@id":"https:\/\/hijasdejesus.org\/en\/#website","url":"https:\/\/hijasdejesus.org\/en\/","name":"Hijas de Jes\u00fas","description":"Despertamos a Jes\u00fas en el coraz\u00f3n, sacando lo mejor de las personas. Somos una congregaci\u00f3n religiosa ignaciana fundada por la Madre Candida","publisher":{"@id":"https:\/\/hijasdejesus.org\/en\/#organization"},"potentialAction":[{"@type":"SearchAction","target":{"@type":"EntryPoint","urlTemplate":"https:\/\/hijasdejesus.org\/en\/?s={search_term_string}"},"query-input":{"@type":"PropertyValueSpecification","valueRequired":true,"valueName":"search_term_string"}}],"inLanguage":"en-US"},{"@type":"Organization","@id":"https:\/\/hijasdejesus.org\/en\/#organization","name":"Hijas de Jes\u00fas","url":"https:\/\/hijasdejesus.org\/en\/","logo":{"@type":"ImageObject","inLanguage":"en-US","@id":"https:\/\/hijasdejesus.org\/en\/#\/schema\/logo\/image\/","url":"https:\/\/hijasdejesus.org\/wp-content\/uploads\/2023\/01\/Hijas-de-Jesus_hor-A7C957.png","contentUrl":"https:\/\/hijasdejesus.org\/wp-content\/uploads\/2023\/01\/Hijas-de-Jesus_hor-A7C957.png","width":700,"height":360,"caption":"Hijas de Jes\u00fas"},"image":{"@id":"https:\/\/hijasdejesus.org\/en\/#\/schema\/logo\/image\/"},"sameAs":["https:\/\/www.facebook.com\/hijasdejesusenelmundo\/","https:\/\/x.com\/hijasdjesus"]}]}},"_links":{"self":[{"href":"https:\/\/hijasdejesus.org\/en\/wp-json\/wp\/v2\/vidas\/46046","targetHints":{"allow":["GET"]}}],"collection":[{"href":"https:\/\/hijasdejesus.org\/en\/wp-json\/wp\/v2\/vidas"}],"about":[{"href":"https:\/\/hijasdejesus.org\/en\/wp-json\/wp\/v2\/types\/vidas"}],"wp:featuredmedia":[{"embeddable":true,"href":"https:\/\/hijasdejesus.org\/en\/wp-json\/wp\/v2\/media\/38569"}],"wp:attachment":[{"href":"https:\/\/hijasdejesus.org\/en\/wp-json\/wp\/v2\/media?parent=46046"}],"wp:term":[{"taxonomy":"category","embeddable":true,"href":"https:\/\/hijasdejesus.org\/en\/wp-json\/wp\/v2\/categories?post=46046"},{"taxonomy":"post_tag","embeddable":true,"href":"https:\/\/hijasdejesus.org\/en\/wp-json\/wp\/v2\/tags?post=46046"}],"curies":[{"name":"wp","href":"https:\/\/api.w.org\/{rel}","templated":true}]}}