{"version":"1.0","provider_name":"Hijas de Jes\u00fas","provider_url":"https:\/\/hijasdejesus.org\/pt-br\/","title":"Os refugiados em tempos da p\u00f3s-verdade - Hijas de Jes\u00fas","type":"rich","width":600,"height":338,"html":"<blockquote class=\"wp-embedded-content\" data-secret=\"6s8BmDr89s\"><a href=\"https:\/\/hijasdejesus.org\/pt-br\/os-refugiados-em-tempos-da-pos-verdade\/\">Os refugiados em tempos da p\u00f3s-verdade<\/a><\/blockquote><iframe sandbox=\"allow-scripts\" security=\"restricted\" src=\"https:\/\/hijasdejesus.org\/pt-br\/os-refugiados-em-tempos-da-pos-verdade\/embed\/#?secret=6s8BmDr89s\" width=\"600\" height=\"338\" title=\"&#8220;Os refugiados em tempos da p\u00f3s-verdade&#8221; &#8212; Hijas de Jes\u00fas\" data-secret=\"6s8BmDr89s\" frameborder=\"0\" marginwidth=\"0\" marginheight=\"0\" scrolling=\"no\" class=\"wp-embedded-content\"><\/iframe><script type=\"text\/javascript\">\n\/* <![CDATA[ *\/\n\/*! This file is auto-generated *\/\n!function(d,l){\"use strict\";l.querySelector&&d.addEventListener&&\"undefined\"!=typeof URL&&(d.wp=d.wp||{},d.wp.receiveEmbedMessage||(d.wp.receiveEmbedMessage=function(e){var t=e.data;if((t||t.secret||t.message||t.value)&&!\/[^a-zA-Z0-9]\/.test(t.secret)){for(var s,r,n,a=l.querySelectorAll('iframe[data-secret=\"'+t.secret+'\"]'),o=l.querySelectorAll('blockquote[data-secret=\"'+t.secret+'\"]'),c=new RegExp(\"^https?:$\",\"i\"),i=0;i<o.length;i++)o[i].style.display=\"none\";for(i=0;i<a.length;i++)s=a[i],e.source===s.contentWindow&&(s.removeAttribute(\"style\"),\"height\"===t.message?(1e3<(r=parseInt(t.value,10))?r=1e3:~~r<200&&(r=200),s.height=r):\"link\"===t.message&&(r=new URL(s.getAttribute(\"src\")),n=new URL(t.value),c.test(n.protocol))&&n.host===r.host&&l.activeElement===s&&(d.top.location.href=t.value))}},d.addEventListener(\"message\",d.wp.receiveEmbedMessage,!1),l.addEventListener(\"DOMContentLoaded\",function(){for(var e,t,s=l.querySelectorAll(\"iframe.wp-embedded-content\"),r=0;r<s.length;r++)(t=(e=s[r]).getAttribute(\"data-secret\"))||(t=Math.random().toString(36).substring(2,12),e.src+=\"#?secret=\"+t,e.setAttribute(\"data-secret\",t)),e.contentWindow.postMessage({message:\"ready\",secret:t},\"*\")},!1)))}(window,document);\n\/\/# sourceURL=https:\/\/hijasdejesus.org\/wp-includes\/js\/wp-embed.min.js\n\/* ]]> *\/\n<\/script>\n","thumbnail_url":"https:\/\/hijasdejesus.org\/wp-content\/uploads\/2017\/01\/refugiados.jpg","thumbnail_width":1,"thumbnail_height":1,"description":"O termo p\u00f3s-verdade foi a palavra do ano 2016 segundo o di\u00e1rio norte americano The Time, e se refere \u00e0 situa\u00e7\u00e3o na qual, na hora de criar e moldar a opini\u00e3o p\u00fablica, os fatos objetivos t\u00eam menos influ\u00eancia do que as apela\u00e7\u00f5es \u00e0s emo\u00e7\u00f5es e \u00e0s cren\u00e7as pessoais. Como j\u00e1 foi assinalado por diversos autores[1], [&hellip;]"}