{"id":31947,"date":"2023-02-02T08:55:13","date_gmt":"2023-02-02T07:55:13","guid":{"rendered":"https:\/\/hijasdejesus.org\/events\/nascimento-do-pe-herranz-sj\/"},"modified":"2023-06-18T13:28:34","modified_gmt":"2023-06-18T11:28:34","slug":"nascimento-do-pe-herranz-sj","status":"publish","type":"mec-events","link":"https:\/\/hijasdejesus.org\/pt-br\/events\/nascimento-do-pe-herranz-sj\/","title":{"rendered":"Nascimento do Pe. Herranz, sj"},"content":{"rendered":"<p>Este \u00e9 o nome familiar deste padre jesu\u00edta que nasceu a 5 de julho de 1819 na cidade de Valladolid (Espanha). Em 1868, a revolu\u00e7\u00e3o expulsou os jesu\u00edtas do Col\u00e9gio M\u00e1ximo de Le\u00e3o. O P. Miguel de los Santos San Jos\u00e9 Herranz (P. Herranz) decidiu ficar em Valladolid, com os seus irm\u00e3os. A sua estadia no meio do seu povo ser\u00e1 a ocasi\u00e3o para Juana Josefa, \u00e0 sua chegada a Valladolid, conhecer o jesu\u00edta que a ajudar\u00e1 a descobrir a sua voca\u00e7\u00e3o, o professor com quem aprender\u00e1 tantas coisas, o conselheiro que lhe dar\u00e1 orienta\u00e7\u00e3o e for\u00e7a.<\/p>\n<p>O P. Herranz ser\u00e1 o grande colaborador de M. C\u00e2ndida na procura de caminhos e na realiza\u00e7\u00e3o do projeto que o Senhor tem para ambos: fundar uma congrega\u00e7\u00e3o dedicada \u00e0 educa\u00e7\u00e3o de crian\u00e7as e jovens. C\u00e2ndida na procura de caminhos e na realiza\u00e7\u00e3o do projeto que o Senhor tem para ambos: fundar uma congrega\u00e7\u00e3o dedicada \u00e0 educa\u00e7\u00e3o das crian\u00e7as e dos jovens. A fundadora, M. C\u00e1ndida; P. Herranz, seu fiel ajudante mesmo \u00e0 dist\u00e2ncia.<\/p>\n<p>Sandalio Garc\u00eda Alcalde diz o seguinte sobre ele<\/p>\n<blockquote><p>Quanto \u00e0 sua pessoa moral, era um homem de poucas palavras, de ju\u00edzo reto e s\u00f3lido, muito seguro nos seus conselhos, muito prudente nas suas resolu\u00e7\u00f5es e muito firme e constante naquilo que determinava; extremamente humilde e obediente, mortificado no mais alto grau e de uma confian\u00e7a ilimitada em Deus atrav\u00e9s da ora\u00e7\u00e3o e da conformidade com a sua vontade.<\/p>\n<p>N\u00e3o bajulador nem temeroso do respeito humano, de car\u00e1cter e temperamento vivos, mas muito ponderado, autocontrolado, am\u00e1vel e bem-humorado para com todos, franco e jovial na conversa\u00e7\u00e3o.<\/p><\/blockquote>\n<p>Em 1984, o P. Manuel Revuelta, sj:<\/p>\n<blockquote><p>Era um espanhol robusto e af\u00e1vel, t\u00e3o eficaz como silencioso, t\u00e3o poupado e discreto que, tendo sido um homem muito ativo, quase n\u00e3o deixou vest\u00edgios na documenta\u00e7\u00e3o jesu\u00edta.<\/p><\/blockquote>\n<p>Um homem de f\u00e9 firme, um verdadeiro homem religioso, obediente, saber\u00e1 ler os acontecimentos do dia e confiar\u00e1 sempre no Deus providente.<\/p>\n<p>Agradecemos a sua vida, os seus conselhos e a sua confian\u00e7a em M. C\u00e2ndida para a acompanhar na miss\u00e3o desmesurada que Deus lhe confiou. C\u00e2ndida para a acompanhar na miss\u00e3o desmesurada que Deus lhe confiou.<\/p>\n<h6><em>Informa\u00e7\u00f5es retiradas do livro da Filha de Jesus Beatriz Macarro: &#8220;El P. Miguel San Jos\u00e9 Herranz y la congregaci\u00f3n de las Hijas de Jes\u00fas&#8221;.<\/em><\/h6>\n","protected":false},"excerpt":{"rendered":"<p>Este \u00e9 o nome familiar deste padre jesu\u00edta que nasceu a 5 de julho de 1819 na cidade de Valladolid (Espanha). Em 1868, a revolu\u00e7\u00e3o expulsou os jesu\u00edtas do Col\u00e9gio M\u00e1ximo de Le\u00e3o. O P. Miguel de los Santos San Jos\u00e9 Herranz (P. Herranz) decidiu ficar em Valladolid, com os seus irm\u00e3os. A sua estadia [&hellip;]<\/p>\n","protected":false},"author":28,"featured_media":34698,"comment_status":"closed","ping_status":"closed","template":"","meta":{"_et_pb_use_builder":"","_et_pb_old_content":"","_et_gb_content_width":"","_links_to":"","_links_to_target":""},"tags":[],"mec_category":[871,905],"class_list":["post-31947","mec-events","type-mec-events","status-publish","has-post-thumbnail","hentry","mec_category-filhas-de-jesus","mec_category-p-herranz-pt-br"],"yoast_head":"<!-- This site is optimized with the Yoast SEO plugin v27.4 - https:\/\/yoast.com\/product\/yoast-seo-wordpress\/ -->\n<title>Nascimento do Pe. Herranz, sj - Hijas de Jes\u00fas<\/title>\n<meta name=\"robots\" content=\"index, follow, max-snippet:-1, max-image-preview:large, max-video-preview:-1\" \/>\n<link rel=\"canonical\" href=\"https:\/\/hijasdejesus.org\/pt-br\/events\/nascimento-do-pe-herranz-sj\/\" \/>\n<meta property=\"og:locale\" content=\"pt_BR\" \/>\n<meta property=\"og:type\" content=\"article\" \/>\n<meta property=\"og:title\" content=\"Nascimento do Pe. Herranz, sj - Hijas de Jes\u00fas\" \/>\n<meta property=\"og:description\" content=\"Este \u00e9 o nome familiar deste padre jesu\u00edta que nasceu a 5 de julho de 1819 na cidade de Valladolid (Espanha). Em 1868, a revolu\u00e7\u00e3o expulsou os jesu\u00edtas do Col\u00e9gio M\u00e1ximo de Le\u00e3o. O P. Miguel de los Santos San Jos\u00e9 Herranz (P. Herranz) decidiu ficar em Valladolid, com os seus irm\u00e3os. A sua estadia [&hellip;]\" \/>\n<meta property=\"og:url\" content=\"https:\/\/hijasdejesus.org\/pt-br\/events\/nascimento-do-pe-herranz-sj\/\" \/>\n<meta property=\"og:site_name\" content=\"Hijas de Jes\u00fas\" \/>\n<meta property=\"article:publisher\" content=\"https:\/\/www.facebook.com\/hijasdejesusenelmundo\/\" \/>\n<meta property=\"article:modified_time\" content=\"2023-06-18T11:28:34+00:00\" \/>\n<meta property=\"og:image\" content=\"https:\/\/hijasdejesus.org\/wp-content\/uploads\/2023\/02\/P.Herranz-e1687087517654.jpg\" \/>\n\t<meta property=\"og:image:width\" content=\"683\" \/>\n\t<meta property=\"og:image:height\" content=\"1024\" \/>\n\t<meta property=\"og:image:type\" content=\"image\/jpeg\" \/>\n<meta name=\"twitter:card\" content=\"summary_large_image\" \/>\n<meta name=\"twitter:site\" content=\"@hijasdjesus\" \/>\n<meta name=\"twitter:label1\" content=\"Est. tempo de leitura\" \/>\n\t<meta name=\"twitter:data1\" content=\"2 minutos\" \/>\n<script type=\"application\/ld+json\" class=\"yoast-schema-graph\">{\"@context\":\"https:\\\/\\\/schema.org\",\"@graph\":[{\"@type\":\"WebPage\",\"@id\":\"https:\\\/\\\/hijasdejesus.org\\\/pt-br\\\/events\\\/nascimento-do-pe-herranz-sj\\\/\",\"url\":\"https:\\\/\\\/hijasdejesus.org\\\/pt-br\\\/events\\\/nascimento-do-pe-herranz-sj\\\/\",\"name\":\"Nascimento do Pe. Herranz, sj - Hijas de Jes\u00fas\",\"isPartOf\":{\"@id\":\"https:\\\/\\\/hijasdejesus.org\\\/pt-br\\\/#website\"},\"primaryImageOfPage\":{\"@id\":\"https:\\\/\\\/hijasdejesus.org\\\/pt-br\\\/events\\\/nascimento-do-pe-herranz-sj\\\/#primaryimage\"},\"image\":{\"@id\":\"https:\\\/\\\/hijasdejesus.org\\\/pt-br\\\/events\\\/nascimento-do-pe-herranz-sj\\\/#primaryimage\"},\"thumbnailUrl\":\"https:\\\/\\\/hijasdejesus.org\\\/wp-content\\\/uploads\\\/2023\\\/02\\\/P.Herranz-e1687087517654.jpg\",\"datePublished\":\"2023-02-02T07:55:13+00:00\",\"dateModified\":\"2023-06-18T11:28:34+00:00\",\"breadcrumb\":{\"@id\":\"https:\\\/\\\/hijasdejesus.org\\\/pt-br\\\/events\\\/nascimento-do-pe-herranz-sj\\\/#breadcrumb\"},\"inLanguage\":\"pt-BR\",\"potentialAction\":[{\"@type\":\"ReadAction\",\"target\":[\"https:\\\/\\\/hijasdejesus.org\\\/pt-br\\\/events\\\/nascimento-do-pe-herranz-sj\\\/\"]}]},{\"@type\":\"ImageObject\",\"inLanguage\":\"pt-BR\",\"@id\":\"https:\\\/\\\/hijasdejesus.org\\\/pt-br\\\/events\\\/nascimento-do-pe-herranz-sj\\\/#primaryimage\",\"url\":\"https:\\\/\\\/hijasdejesus.org\\\/wp-content\\\/uploads\\\/2023\\\/02\\\/P.Herranz-e1687087517654.jpg\",\"contentUrl\":\"https:\\\/\\\/hijasdejesus.org\\\/wp-content\\\/uploads\\\/2023\\\/02\\\/P.Herranz-e1687087517654.jpg\",\"width\":683,\"height\":1024},{\"@type\":\"BreadcrumbList\",\"@id\":\"https:\\\/\\\/hijasdejesus.org\\\/pt-br\\\/events\\\/nascimento-do-pe-herranz-sj\\\/#breadcrumb\",\"itemListElement\":[{\"@type\":\"ListItem\",\"position\":1,\"name\":\"Portada\",\"item\":\"https:\\\/\\\/hijasdejesus.org\\\/pt-br\\\/\"},{\"@type\":\"ListItem\",\"position\":2,\"name\":\"Eventos\",\"item\":\"https:\\\/\\\/hijasdejesus.org\\\/pt-br\\\/events\\\/\"},{\"@type\":\"ListItem\",\"position\":3,\"name\":\"Nascimento do Pe. Herranz, sj\"}]},{\"@type\":\"WebSite\",\"@id\":\"https:\\\/\\\/hijasdejesus.org\\\/pt-br\\\/#website\",\"url\":\"https:\\\/\\\/hijasdejesus.org\\\/pt-br\\\/\",\"name\":\"Hijas de Jes\u00fas\",\"description\":\"Despertamos a Jes\u00fas en el coraz\u00f3n, sacando lo mejor de las personas. Somos una congregaci\u00f3n religiosa ignaciana fundada por la Madre Candida\",\"publisher\":{\"@id\":\"https:\\\/\\\/hijasdejesus.org\\\/pt-br\\\/#organization\"},\"potentialAction\":[{\"@type\":\"SearchAction\",\"target\":{\"@type\":\"EntryPoint\",\"urlTemplate\":\"https:\\\/\\\/hijasdejesus.org\\\/pt-br\\\/?s={search_term_string}\"},\"query-input\":{\"@type\":\"PropertyValueSpecification\",\"valueRequired\":true,\"valueName\":\"search_term_string\"}}],\"inLanguage\":\"pt-BR\"},{\"@type\":\"Organization\",\"@id\":\"https:\\\/\\\/hijasdejesus.org\\\/pt-br\\\/#organization\",\"name\":\"Hijas de Jes\u00fas\",\"url\":\"https:\\\/\\\/hijasdejesus.org\\\/pt-br\\\/\",\"logo\":{\"@type\":\"ImageObject\",\"inLanguage\":\"pt-BR\",\"@id\":\"https:\\\/\\\/hijasdejesus.org\\\/pt-br\\\/#\\\/schema\\\/logo\\\/image\\\/\",\"url\":\"https:\\\/\\\/hijasdejesus.org\\\/wp-content\\\/uploads\\\/2023\\\/01\\\/Hijas-de-Jesus_hor-A7C957.png\",\"contentUrl\":\"https:\\\/\\\/hijasdejesus.org\\\/wp-content\\\/uploads\\\/2023\\\/01\\\/Hijas-de-Jesus_hor-A7C957.png\",\"width\":700,\"height\":360,\"caption\":\"Hijas de Jes\u00fas\"},\"image\":{\"@id\":\"https:\\\/\\\/hijasdejesus.org\\\/pt-br\\\/#\\\/schema\\\/logo\\\/image\\\/\"},\"sameAs\":[\"https:\\\/\\\/www.facebook.com\\\/hijasdejesusenelmundo\\\/\",\"https:\\\/\\\/x.com\\\/hijasdjesus\"]}]}<\/script>\n<!-- \/ Yoast SEO plugin. -->","yoast_head_json":{"title":"Nascimento do Pe. Herranz, sj - Hijas de Jes\u00fas","robots":{"index":"index","follow":"follow","max-snippet":"max-snippet:-1","max-image-preview":"max-image-preview:large","max-video-preview":"max-video-preview:-1"},"canonical":"https:\/\/hijasdejesus.org\/pt-br\/events\/nascimento-do-pe-herranz-sj\/","og_locale":"pt_BR","og_type":"article","og_title":"Nascimento do Pe. Herranz, sj - Hijas de Jes\u00fas","og_description":"Este \u00e9 o nome familiar deste padre jesu\u00edta que nasceu a 5 de julho de 1819 na cidade de Valladolid (Espanha). Em 1868, a revolu\u00e7\u00e3o expulsou os jesu\u00edtas do Col\u00e9gio M\u00e1ximo de Le\u00e3o. O P. Miguel de los Santos San Jos\u00e9 Herranz (P. Herranz) decidiu ficar em Valladolid, com os seus irm\u00e3os. A sua estadia [&hellip;]","og_url":"https:\/\/hijasdejesus.org\/pt-br\/events\/nascimento-do-pe-herranz-sj\/","og_site_name":"Hijas de Jes\u00fas","article_publisher":"https:\/\/www.facebook.com\/hijasdejesusenelmundo\/","article_modified_time":"2023-06-18T11:28:34+00:00","og_image":[{"width":683,"height":1024,"url":"https:\/\/hijasdejesus.org\/wp-content\/uploads\/2023\/02\/P.Herranz-e1687087517654.jpg","type":"image\/jpeg"}],"twitter_card":"summary_large_image","twitter_site":"@hijasdjesus","twitter_misc":{"Est. tempo de leitura":"2 minutos"},"schema":{"@context":"https:\/\/schema.org","@graph":[{"@type":"WebPage","@id":"https:\/\/hijasdejesus.org\/pt-br\/events\/nascimento-do-pe-herranz-sj\/","url":"https:\/\/hijasdejesus.org\/pt-br\/events\/nascimento-do-pe-herranz-sj\/","name":"Nascimento do Pe. Herranz, sj - Hijas de Jes\u00fas","isPartOf":{"@id":"https:\/\/hijasdejesus.org\/pt-br\/#website"},"primaryImageOfPage":{"@id":"https:\/\/hijasdejesus.org\/pt-br\/events\/nascimento-do-pe-herranz-sj\/#primaryimage"},"image":{"@id":"https:\/\/hijasdejesus.org\/pt-br\/events\/nascimento-do-pe-herranz-sj\/#primaryimage"},"thumbnailUrl":"https:\/\/hijasdejesus.org\/wp-content\/uploads\/2023\/02\/P.Herranz-e1687087517654.jpg","datePublished":"2023-02-02T07:55:13+00:00","dateModified":"2023-06-18T11:28:34+00:00","breadcrumb":{"@id":"https:\/\/hijasdejesus.org\/pt-br\/events\/nascimento-do-pe-herranz-sj\/#breadcrumb"},"inLanguage":"pt-BR","potentialAction":[{"@type":"ReadAction","target":["https:\/\/hijasdejesus.org\/pt-br\/events\/nascimento-do-pe-herranz-sj\/"]}]},{"@type":"ImageObject","inLanguage":"pt-BR","@id":"https:\/\/hijasdejesus.org\/pt-br\/events\/nascimento-do-pe-herranz-sj\/#primaryimage","url":"https:\/\/hijasdejesus.org\/wp-content\/uploads\/2023\/02\/P.Herranz-e1687087517654.jpg","contentUrl":"https:\/\/hijasdejesus.org\/wp-content\/uploads\/2023\/02\/P.Herranz-e1687087517654.jpg","width":683,"height":1024},{"@type":"BreadcrumbList","@id":"https:\/\/hijasdejesus.org\/pt-br\/events\/nascimento-do-pe-herranz-sj\/#breadcrumb","itemListElement":[{"@type":"ListItem","position":1,"name":"Portada","item":"https:\/\/hijasdejesus.org\/pt-br\/"},{"@type":"ListItem","position":2,"name":"Eventos","item":"https:\/\/hijasdejesus.org\/pt-br\/events\/"},{"@type":"ListItem","position":3,"name":"Nascimento do Pe. Herranz, sj"}]},{"@type":"WebSite","@id":"https:\/\/hijasdejesus.org\/pt-br\/#website","url":"https:\/\/hijasdejesus.org\/pt-br\/","name":"Hijas de Jes\u00fas","description":"Despertamos a Jes\u00fas en el coraz\u00f3n, sacando lo mejor de las personas. Somos una congregaci\u00f3n religiosa ignaciana fundada por la Madre Candida","publisher":{"@id":"https:\/\/hijasdejesus.org\/pt-br\/#organization"},"potentialAction":[{"@type":"SearchAction","target":{"@type":"EntryPoint","urlTemplate":"https:\/\/hijasdejesus.org\/pt-br\/?s={search_term_string}"},"query-input":{"@type":"PropertyValueSpecification","valueRequired":true,"valueName":"search_term_string"}}],"inLanguage":"pt-BR"},{"@type":"Organization","@id":"https:\/\/hijasdejesus.org\/pt-br\/#organization","name":"Hijas de Jes\u00fas","url":"https:\/\/hijasdejesus.org\/pt-br\/","logo":{"@type":"ImageObject","inLanguage":"pt-BR","@id":"https:\/\/hijasdejesus.org\/pt-br\/#\/schema\/logo\/image\/","url":"https:\/\/hijasdejesus.org\/wp-content\/uploads\/2023\/01\/Hijas-de-Jesus_hor-A7C957.png","contentUrl":"https:\/\/hijasdejesus.org\/wp-content\/uploads\/2023\/01\/Hijas-de-Jesus_hor-A7C957.png","width":700,"height":360,"caption":"Hijas de Jes\u00fas"},"image":{"@id":"https:\/\/hijasdejesus.org\/pt-br\/#\/schema\/logo\/image\/"},"sameAs":["https:\/\/www.facebook.com\/hijasdejesusenelmundo\/","https:\/\/x.com\/hijasdjesus"]}]}},"_links":{"self":[{"href":"https:\/\/hijasdejesus.org\/pt-br\/wp-json\/wp\/v2\/mec-events\/31947","targetHints":{"allow":["GET"]}}],"collection":[{"href":"https:\/\/hijasdejesus.org\/pt-br\/wp-json\/wp\/v2\/mec-events"}],"about":[{"href":"https:\/\/hijasdejesus.org\/pt-br\/wp-json\/wp\/v2\/types\/mec-events"}],"author":[{"embeddable":true,"href":"https:\/\/hijasdejesus.org\/pt-br\/wp-json\/wp\/v2\/users\/28"}],"replies":[{"embeddable":true,"href":"https:\/\/hijasdejesus.org\/pt-br\/wp-json\/wp\/v2\/comments?post=31947"}],"wp:featuredmedia":[{"embeddable":true,"href":"https:\/\/hijasdejesus.org\/pt-br\/wp-json\/wp\/v2\/media\/34698"}],"wp:attachment":[{"href":"https:\/\/hijasdejesus.org\/pt-br\/wp-json\/wp\/v2\/media?parent=31947"}],"wp:term":[{"taxonomy":"post_tag","embeddable":true,"href":"https:\/\/hijasdejesus.org\/pt-br\/wp-json\/wp\/v2\/tags?post=31947"},{"taxonomy":"mec_category","embeddable":true,"href":"https:\/\/hijasdejesus.org\/pt-br\/wp-json\/wp\/v2\/mec_category?post=31947"}],"curies":[{"name":"wp","href":"https:\/\/api.w.org\/{rel}","templated":true}]}}