{"id":39793,"date":"2024-06-24T12:32:16","date_gmt":"2024-06-24T10:32:16","guid":{"rendered":"https:\/\/hijasdejesus.org\/events\/pagina-inicial-congregacao-geral-xix\/"},"modified":"2025-01-18T19:16:32","modified_gmt":"2025-01-18T18:16:32","slug":"pagina-inicial-congregacao-geral-xix","status":"publish","type":"mec-events","link":"https:\/\/hijasdejesus.org\/pt-br\/events\/pagina-inicial-congregacao-geral-xix\/","title":{"rendered":"P\u00e1gina inicial Congrega\u00e7\u00e3o Geral XIX"},"content":{"rendered":"<p>DADOS <a href=\"https:\/\/hijasdejesus.org\/carta-numero-36-de-la-superiora-general\/\">DO GC XIX:<\/a><\/p>\n<ul>\n<li>Convocada em <strong>2 de abril de 2024<\/strong>.<\/li>\n<li>Local: <strong>Roma<\/strong>, em nossa Casa da C\u00faria.<\/li>\n<li><strong>Exerc\u00edcios Espirituais<\/strong> anteriores: de <strong>11 a 19 de abril <\/strong>de 2025.<\/li>\n<li>Data de in\u00edcio ou <strong>primeira sess\u00e3o<\/strong>: <strong>21 de abril <\/strong>de 2025.<\/li>\n<li>Lema: <strong>&#8220;Com Ele, o caminho da esperan\u00e7a&#8221;<\/strong>.<\/li>\n<li><strong>Logotipo<\/strong>: Comunidade, caminho, identidade, Jesus, esperan\u00e7a.<\/li>\n<li><strong>N\u00famero de membros<\/strong> presentes: <strong>35 no total <\/strong>(13 ex officio e 22 eleitos).<\/li>\n<li><strong>As Congrega\u00e7\u00f5es Provinciais<\/strong> (CP) ser\u00e3o realizadas <strong>entre 5 de dezembro e 15 de janeiro<\/strong>.<\/li>\n<li>Para redes: <strong>#CG19FI<\/strong><\/li>\n<\/ul>\n","protected":false},"excerpt":{"rendered":"<p>DADOS DO GC XIX: Convocada em 2 de abril de 2024. Local: Roma, em nossa Casa da C\u00faria. Exerc\u00edcios Espirituais anteriores: de 11 a 19 de abril de 2025. Data de in\u00edcio ou primeira sess\u00e3o: 21 de abril de 2025. Lema: &#8220;Com Ele, o caminho da esperan\u00e7a&#8221;. Logotipo: Comunidade, caminho, identidade, Jesus, esperan\u00e7a. N\u00famero de [&hellip;]<\/p>\n","protected":false},"author":2,"featured_media":39004,"comment_status":"closed","ping_status":"closed","template":"","meta":{"_et_pb_use_builder":"","_et_pb_old_content":"","_et_gb_content_width":"","_links_to":"","_links_to_target":""},"tags":[],"mec_category":[1019],"class_list":["post-39793","mec-events","type-mec-events","status-publish","has-post-thumbnail","hentry","mec_category-cg-xix-pt-br"],"yoast_head":"<!-- This site is optimized with the Yoast SEO plugin v27.5 - https:\/\/yoast.com\/product\/yoast-seo-wordpress\/ -->\n<title>P\u00e1gina inicial Congrega\u00e7\u00e3o Geral XIX - Hijas de Jes\u00fas<\/title>\n<meta name=\"robots\" content=\"index, follow, max-snippet:-1, max-image-preview:large, max-video-preview:-1\" \/>\n<link rel=\"canonical\" href=\"https:\/\/hijasdejesus.org\/pt-br\/events\/pagina-inicial-congregacao-geral-xix\/\" \/>\n<meta property=\"og:locale\" content=\"pt_BR\" \/>\n<meta property=\"og:type\" content=\"article\" \/>\n<meta property=\"og:title\" content=\"P\u00e1gina inicial Congrega\u00e7\u00e3o Geral XIX - Hijas de Jes\u00fas\" \/>\n<meta property=\"og:description\" content=\"DADOS DO GC XIX: Convocada em 2 de abril de 2024. Local: Roma, em nossa Casa da C\u00faria. Exerc\u00edcios Espirituais anteriores: de 11 a 19 de abril de 2025. Data de in\u00edcio ou primeira sess\u00e3o: 21 de abril de 2025. Lema: &#8220;Com Ele, o caminho da esperan\u00e7a&#8221;. Logotipo: Comunidade, caminho, identidade, Jesus, esperan\u00e7a. N\u00famero de [&hellip;]\" \/>\n<meta property=\"og:url\" content=\"https:\/\/hijasdejesus.org\/pt-br\/events\/pagina-inicial-congregacao-geral-xix\/\" \/>\n<meta property=\"og:site_name\" content=\"Hijas de Jes\u00fas\" \/>\n<meta property=\"article:publisher\" content=\"https:\/\/www.facebook.com\/hijasdejesusenelmundo\/\" \/>\n<meta property=\"article:modified_time\" content=\"2025-01-18T18:16:32+00:00\" \/>\n<meta property=\"og:image\" content=\"https:\/\/hijasdejesus.org\/wp-content\/uploads\/2024\/04\/logo-CG-XIXX.png\" \/>\n\t<meta property=\"og:image:width\" content=\"3507\" \/>\n\t<meta property=\"og:image:height\" content=\"2480\" \/>\n\t<meta property=\"og:image:type\" content=\"image\/png\" \/>\n<meta name=\"twitter:card\" content=\"summary_large_image\" \/>\n<meta name=\"twitter:site\" content=\"@hijasdjesus\" \/>\n<script type=\"application\/ld+json\" class=\"yoast-schema-graph\">{\"@context\":\"https:\\\/\\\/schema.org\",\"@graph\":[{\"@type\":\"WebPage\",\"@id\":\"https:\\\/\\\/hijasdejesus.org\\\/pt-br\\\/events\\\/pagina-inicial-congregacao-geral-xix\\\/\",\"url\":\"https:\\\/\\\/hijasdejesus.org\\\/pt-br\\\/events\\\/pagina-inicial-congregacao-geral-xix\\\/\",\"name\":\"P\u00e1gina inicial Congrega\u00e7\u00e3o Geral XIX - Hijas de Jes\u00fas\",\"isPartOf\":{\"@id\":\"https:\\\/\\\/hijasdejesus.org\\\/pt-br\\\/#website\"},\"primaryImageOfPage\":{\"@id\":\"https:\\\/\\\/hijasdejesus.org\\\/pt-br\\\/events\\\/pagina-inicial-congregacao-geral-xix\\\/#primaryimage\"},\"image\":{\"@id\":\"https:\\\/\\\/hijasdejesus.org\\\/pt-br\\\/events\\\/pagina-inicial-congregacao-geral-xix\\\/#primaryimage\"},\"thumbnailUrl\":\"https:\\\/\\\/hijasdejesus.org\\\/wp-content\\\/uploads\\\/2024\\\/04\\\/logo-CG-XIXX.png\",\"datePublished\":\"2024-06-24T10:32:16+00:00\",\"dateModified\":\"2025-01-18T18:16:32+00:00\",\"breadcrumb\":{\"@id\":\"https:\\\/\\\/hijasdejesus.org\\\/pt-br\\\/events\\\/pagina-inicial-congregacao-geral-xix\\\/#breadcrumb\"},\"inLanguage\":\"pt-BR\",\"potentialAction\":[{\"@type\":\"ReadAction\",\"target\":[\"https:\\\/\\\/hijasdejesus.org\\\/pt-br\\\/events\\\/pagina-inicial-congregacao-geral-xix\\\/\"]}]},{\"@type\":\"ImageObject\",\"inLanguage\":\"pt-BR\",\"@id\":\"https:\\\/\\\/hijasdejesus.org\\\/pt-br\\\/events\\\/pagina-inicial-congregacao-geral-xix\\\/#primaryimage\",\"url\":\"https:\\\/\\\/hijasdejesus.org\\\/wp-content\\\/uploads\\\/2024\\\/04\\\/logo-CG-XIXX.png\",\"contentUrl\":\"https:\\\/\\\/hijasdejesus.org\\\/wp-content\\\/uploads\\\/2024\\\/04\\\/logo-CG-XIXX.png\",\"width\":3507,\"height\":2480},{\"@type\":\"BreadcrumbList\",\"@id\":\"https:\\\/\\\/hijasdejesus.org\\\/pt-br\\\/events\\\/pagina-inicial-congregacao-geral-xix\\\/#breadcrumb\",\"itemListElement\":[{\"@type\":\"ListItem\",\"position\":1,\"name\":\"Portada\",\"item\":\"https:\\\/\\\/hijasdejesus.org\\\/pt-br\\\/\"},{\"@type\":\"ListItem\",\"position\":2,\"name\":\"Eventos\",\"item\":\"https:\\\/\\\/hijasdejesus.org\\\/pt-br\\\/events\\\/\"},{\"@type\":\"ListItem\",\"position\":3,\"name\":\"P\u00e1gina inicial Congrega\u00e7\u00e3o Geral XIX\"}]},{\"@type\":\"WebSite\",\"@id\":\"https:\\\/\\\/hijasdejesus.org\\\/pt-br\\\/#website\",\"url\":\"https:\\\/\\\/hijasdejesus.org\\\/pt-br\\\/\",\"name\":\"Hijas de Jes\u00fas\",\"description\":\"Despertamos a Jes\u00fas en el coraz\u00f3n, sacando lo mejor de las personas. Somos una congregaci\u00f3n religiosa ignaciana fundada por la Madre Candida\",\"publisher\":{\"@id\":\"https:\\\/\\\/hijasdejesus.org\\\/pt-br\\\/#organization\"},\"potentialAction\":[{\"@type\":\"SearchAction\",\"target\":{\"@type\":\"EntryPoint\",\"urlTemplate\":\"https:\\\/\\\/hijasdejesus.org\\\/pt-br\\\/?s={search_term_string}\"},\"query-input\":{\"@type\":\"PropertyValueSpecification\",\"valueRequired\":true,\"valueName\":\"search_term_string\"}}],\"inLanguage\":\"pt-BR\"},{\"@type\":\"Organization\",\"@id\":\"https:\\\/\\\/hijasdejesus.org\\\/pt-br\\\/#organization\",\"name\":\"Hijas de Jes\u00fas\",\"url\":\"https:\\\/\\\/hijasdejesus.org\\\/pt-br\\\/\",\"logo\":{\"@type\":\"ImageObject\",\"inLanguage\":\"pt-BR\",\"@id\":\"https:\\\/\\\/hijasdejesus.org\\\/pt-br\\\/#\\\/schema\\\/logo\\\/image\\\/\",\"url\":\"https:\\\/\\\/hijasdejesus.org\\\/wp-content\\\/uploads\\\/2023\\\/01\\\/Hijas-de-Jesus_hor-A7C957.png\",\"contentUrl\":\"https:\\\/\\\/hijasdejesus.org\\\/wp-content\\\/uploads\\\/2023\\\/01\\\/Hijas-de-Jesus_hor-A7C957.png\",\"width\":700,\"height\":360,\"caption\":\"Hijas de Jes\u00fas\"},\"image\":{\"@id\":\"https:\\\/\\\/hijasdejesus.org\\\/pt-br\\\/#\\\/schema\\\/logo\\\/image\\\/\"},\"sameAs\":[\"https:\\\/\\\/www.facebook.com\\\/hijasdejesusenelmundo\\\/\",\"https:\\\/\\\/x.com\\\/hijasdjesus\"]}]}<\/script>\n<!-- \/ Yoast SEO plugin. -->","yoast_head_json":{"title":"P\u00e1gina inicial Congrega\u00e7\u00e3o Geral XIX - Hijas de Jes\u00fas","robots":{"index":"index","follow":"follow","max-snippet":"max-snippet:-1","max-image-preview":"max-image-preview:large","max-video-preview":"max-video-preview:-1"},"canonical":"https:\/\/hijasdejesus.org\/pt-br\/events\/pagina-inicial-congregacao-geral-xix\/","og_locale":"pt_BR","og_type":"article","og_title":"P\u00e1gina inicial Congrega\u00e7\u00e3o Geral XIX - Hijas de Jes\u00fas","og_description":"DADOS DO GC XIX: Convocada em 2 de abril de 2024. Local: Roma, em nossa Casa da C\u00faria. Exerc\u00edcios Espirituais anteriores: de 11 a 19 de abril de 2025. Data de in\u00edcio ou primeira sess\u00e3o: 21 de abril de 2025. Lema: &#8220;Com Ele, o caminho da esperan\u00e7a&#8221;. Logotipo: Comunidade, caminho, identidade, Jesus, esperan\u00e7a. N\u00famero de [&hellip;]","og_url":"https:\/\/hijasdejesus.org\/pt-br\/events\/pagina-inicial-congregacao-geral-xix\/","og_site_name":"Hijas de Jes\u00fas","article_publisher":"https:\/\/www.facebook.com\/hijasdejesusenelmundo\/","article_modified_time":"2025-01-18T18:16:32+00:00","og_image":[{"width":3507,"height":2480,"url":"https:\/\/hijasdejesus.org\/wp-content\/uploads\/2024\/04\/logo-CG-XIXX.png","type":"image\/png"}],"twitter_card":"summary_large_image","twitter_site":"@hijasdjesus","schema":{"@context":"https:\/\/schema.org","@graph":[{"@type":"WebPage","@id":"https:\/\/hijasdejesus.org\/pt-br\/events\/pagina-inicial-congregacao-geral-xix\/","url":"https:\/\/hijasdejesus.org\/pt-br\/events\/pagina-inicial-congregacao-geral-xix\/","name":"P\u00e1gina inicial Congrega\u00e7\u00e3o Geral XIX - Hijas de Jes\u00fas","isPartOf":{"@id":"https:\/\/hijasdejesus.org\/pt-br\/#website"},"primaryImageOfPage":{"@id":"https:\/\/hijasdejesus.org\/pt-br\/events\/pagina-inicial-congregacao-geral-xix\/#primaryimage"},"image":{"@id":"https:\/\/hijasdejesus.org\/pt-br\/events\/pagina-inicial-congregacao-geral-xix\/#primaryimage"},"thumbnailUrl":"https:\/\/hijasdejesus.org\/wp-content\/uploads\/2024\/04\/logo-CG-XIXX.png","datePublished":"2024-06-24T10:32:16+00:00","dateModified":"2025-01-18T18:16:32+00:00","breadcrumb":{"@id":"https:\/\/hijasdejesus.org\/pt-br\/events\/pagina-inicial-congregacao-geral-xix\/#breadcrumb"},"inLanguage":"pt-BR","potentialAction":[{"@type":"ReadAction","target":["https:\/\/hijasdejesus.org\/pt-br\/events\/pagina-inicial-congregacao-geral-xix\/"]}]},{"@type":"ImageObject","inLanguage":"pt-BR","@id":"https:\/\/hijasdejesus.org\/pt-br\/events\/pagina-inicial-congregacao-geral-xix\/#primaryimage","url":"https:\/\/hijasdejesus.org\/wp-content\/uploads\/2024\/04\/logo-CG-XIXX.png","contentUrl":"https:\/\/hijasdejesus.org\/wp-content\/uploads\/2024\/04\/logo-CG-XIXX.png","width":3507,"height":2480},{"@type":"BreadcrumbList","@id":"https:\/\/hijasdejesus.org\/pt-br\/events\/pagina-inicial-congregacao-geral-xix\/#breadcrumb","itemListElement":[{"@type":"ListItem","position":1,"name":"Portada","item":"https:\/\/hijasdejesus.org\/pt-br\/"},{"@type":"ListItem","position":2,"name":"Eventos","item":"https:\/\/hijasdejesus.org\/pt-br\/events\/"},{"@type":"ListItem","position":3,"name":"P\u00e1gina inicial Congrega\u00e7\u00e3o Geral XIX"}]},{"@type":"WebSite","@id":"https:\/\/hijasdejesus.org\/pt-br\/#website","url":"https:\/\/hijasdejesus.org\/pt-br\/","name":"Hijas de Jes\u00fas","description":"Despertamos a Jes\u00fas en el coraz\u00f3n, sacando lo mejor de las personas. Somos una congregaci\u00f3n religiosa ignaciana fundada por la Madre Candida","publisher":{"@id":"https:\/\/hijasdejesus.org\/pt-br\/#organization"},"potentialAction":[{"@type":"SearchAction","target":{"@type":"EntryPoint","urlTemplate":"https:\/\/hijasdejesus.org\/pt-br\/?s={search_term_string}"},"query-input":{"@type":"PropertyValueSpecification","valueRequired":true,"valueName":"search_term_string"}}],"inLanguage":"pt-BR"},{"@type":"Organization","@id":"https:\/\/hijasdejesus.org\/pt-br\/#organization","name":"Hijas de Jes\u00fas","url":"https:\/\/hijasdejesus.org\/pt-br\/","logo":{"@type":"ImageObject","inLanguage":"pt-BR","@id":"https:\/\/hijasdejesus.org\/pt-br\/#\/schema\/logo\/image\/","url":"https:\/\/hijasdejesus.org\/wp-content\/uploads\/2023\/01\/Hijas-de-Jesus_hor-A7C957.png","contentUrl":"https:\/\/hijasdejesus.org\/wp-content\/uploads\/2023\/01\/Hijas-de-Jesus_hor-A7C957.png","width":700,"height":360,"caption":"Hijas de Jes\u00fas"},"image":{"@id":"https:\/\/hijasdejesus.org\/pt-br\/#\/schema\/logo\/image\/"},"sameAs":["https:\/\/www.facebook.com\/hijasdejesusenelmundo\/","https:\/\/x.com\/hijasdjesus"]}]}},"_links":{"self":[{"href":"https:\/\/hijasdejesus.org\/pt-br\/wp-json\/wp\/v2\/mec-events\/39793","targetHints":{"allow":["GET"]}}],"collection":[{"href":"https:\/\/hijasdejesus.org\/pt-br\/wp-json\/wp\/v2\/mec-events"}],"about":[{"href":"https:\/\/hijasdejesus.org\/pt-br\/wp-json\/wp\/v2\/types\/mec-events"}],"author":[{"embeddable":true,"href":"https:\/\/hijasdejesus.org\/pt-br\/wp-json\/wp\/v2\/users\/2"}],"replies":[{"embeddable":true,"href":"https:\/\/hijasdejesus.org\/pt-br\/wp-json\/wp\/v2\/comments?post=39793"}],"wp:featuredmedia":[{"embeddable":true,"href":"https:\/\/hijasdejesus.org\/pt-br\/wp-json\/wp\/v2\/media\/39004"}],"wp:attachment":[{"href":"https:\/\/hijasdejesus.org\/pt-br\/wp-json\/wp\/v2\/media?parent=39793"}],"wp:term":[{"taxonomy":"post_tag","embeddable":true,"href":"https:\/\/hijasdejesus.org\/pt-br\/wp-json\/wp\/v2\/tags?post=39793"},{"taxonomy":"mec_category","embeddable":true,"href":"https:\/\/hijasdejesus.org\/pt-br\/wp-json\/wp\/v2\/mec_category?post=39793"}],"curies":[{"name":"wp","href":"https:\/\/api.w.org\/{rel}","templated":true}]}}