{"id":44716,"date":"2024-11-29T13:37:34","date_gmt":"2024-11-29T12:37:34","guid":{"rendered":"https:\/\/hijasdejesus.org\/logotipo-gc-xix\/"},"modified":"2025-03-20T07:19:43","modified_gmt":"2025-03-20T06:19:43","slug":"logotipo-gc-xix","status":"publish","type":"page","link":"https:\/\/hijasdejesus.org\/pt-br\/congregacao-geral-xix\/logotipo-gc-xix\/","title":{"rendered":"Logotipo GC XIX"},"content":{"rendered":"<p>[et_pb_section fb_built=&#8221;1&#8243; make_equal=&#8221;on&#8221; specialty=&#8221;on&#8221; background_size_1=&#8221;contain&#8221; background_position_1=&#8221;bottom_left&#8221; _builder_version=&#8221;4.27.4&#8243; _module_preset=&#8221;default&#8221; background_color=&#8221;#364F7D&#8221; background_enable_image=&#8221;off&#8221; background_size=&#8221;contain&#8221; background_position=&#8221;center_left&#8221; background_blend=&#8221;soft-light&#8221; global_colors_info=&#8221;{}&#8221;][et_pb_column type=&#8221;1_2&#8243; _builder_version=&#8221;4.16&#8243; custom_padding=&#8221;|||&#8221; global_colors_info=&#8221;{}&#8221; custom_padding__hover=&#8221;|||&#8221;][et_pb_image src=&#8221;https:\/\/hijasdejesus.org\/wp-content\/uploads\/2023\/02\/logo-HdeJ-CGXIX_ESP_bl.png&#8221; title_text=&#8221;logotipo HdeJ CGXIX_ESP_bl&#8221; _builder_version=&#8221;4.27.4&#8243; _module_preset=&#8221;default&#8221; global_colors_info=&#8221;{}&#8221;][\/et_pb_image][\/et_pb_column][et_pb_column type=&#8221;1_2&#8243; specialty_columns=&#8221;2&#8243; _builder_version=&#8221;4.16&#8243; custom_padding=&#8221;|||&#8221; global_colors_info=&#8221;{}&#8221; custom_padding__hover=&#8221;|||&#8221;][et_pb_row_inner _builder_version=&#8221;4.27.4&#8243; _module_preset=&#8221;default&#8221; global_colors_info=&#8221;{}&#8221;][et_pb_column_inner saved_specialty_column_type=&#8221;1_2&#8243; _builder_version=&#8221;4.27.4&#8243; _module_preset=&#8221;default&#8221; global_colors_info=&#8221;{}&#8221;][et_pb_text _builder_version=&#8221;4.27.3&#8243; _module_preset=&#8221;default&#8221; text_text_color=&#8221;#000000&#8243; header_font=&#8221;||||||||&#8221; header_text_color=&#8221;#FFFFFF&#8221; header_font_size=&#8221;50px&#8221; header_2_font=&#8221;|||on|||||&#8221; header_2_text_color=&#8221;#A7C957&#8243; header_2_font_size=&#8221;24px&#8221; header_2_letter_spacing=&#8221;4px&#8221; global_colors_info=&#8221;{}&#8221;]<\/p>\n<h2>Com Ele, o caminho da esperan\u00e7a<\/h2>\n<h1>Congrega\u00e7\u00e3o Geral XIX<\/h1>\n<p>[\/et_pb_text][\/et_pb_column_inner][\/et_pb_row_inner][\/et_pb_column][\/et_pb_section][et_pb_section fb_built=&#8221;1&#8243; _builder_version=&#8221;4.27.4&#8243; _module_preset=&#8221;default&#8221; background_color=&#8221;rgba(253,252,250,0.9)&#8221; background_image=&#8221;https:\/\/hijasdejesus.org\/wp-content\/uploads\/2024\/05\/Portada-web-2-2.jpg&#8221; background_size=&#8221;contain&#8221; background_blend=&#8221;screen&#8221; global_colors_info=&#8221;{}&#8221;][et_pb_row column_structure=&#8221;1_2,1_2&#8243; _builder_version=&#8221;4.17.4&#8243; _module_preset=&#8221;default&#8221; custom_padding=&#8221;80px||0px||false|false&#8221; global_colors_info=&#8221;{}&#8221;][et_pb_column type=&#8221;1_2&#8243; _builder_version=&#8221;4.17.4&#8243; _module_preset=&#8221;default&#8221; global_colors_info=&#8221;{}&#8221;][et_pb_text _builder_version=&#8221;4.27.4&#8243; _module_preset=&#8221;default&#8221; header_text_color=&#8221;#004151&#8243; header_2_text_align=&#8221;left&#8221; header_2_text_color=&#8221;#364F7D&#8221; header_2_font_size=&#8221;32px&#8221; custom_padding=&#8221;||||false|false&#8221; global_colors_info=&#8221;{}&#8221;]<\/p>\n<h2>Que Jesus desperte nossa criatividade<\/h2>\n<p>[\/et_pb_text][\/et_pb_column][et_pb_column type=&#8221;1_2&#8243; _builder_version=&#8221;4.17.4&#8243; _module_preset=&#8221;default&#8221; global_colors_info=&#8221;{}&#8221;][\/et_pb_column][\/et_pb_row][et_pb_row _builder_version=&#8221;4.27.3&#8243; _module_preset=&#8221;default&#8221; global_colors_info=&#8221;{}&#8221;][et_pb_column type=&#8221;4_4&#8243; _builder_version=&#8221;4.27.3&#8243; _module_preset=&#8221;default&#8221; global_colors_info=&#8221;{}&#8221;][et_pb_text _builder_version=&#8221;4.27.4&#8243; _module_preset=&#8221;default&#8221; text_font=&#8221;|300|||||||&#8221; text_text_color=&#8221;#364F7D&#8221; text_font_size=&#8221;22px&#8221; text_line_height=&#8221;1.8em&#8221; max_width_tablet=&#8221;80%&#8221; max_width_phone=&#8221;80%&#8221; max_width_last_edited=&#8221;on|tablet&#8221; animation_style=&#8221;fade&#8221; animation_delay=&#8221;300ms&#8221; global_colors_info=&#8221;{}&#8221;]<\/p>\n<p>O<strong>LOGO<\/strong><span> <\/span><strong><span> <\/span> reflete o desejo de caminhar neste CG XIX, com Ele,<span> <\/span><strong>em dire\u00e7\u00e3o \u00e0 nossa identidade<\/strong><span> <\/span>para ser hoje a presen\u00e7a que o Esp\u00edrito Santo est\u00e1 despertando em n\u00f3s.<\/strong><\/p>\n<p><span> <\/span><span> <\/span>Permitamos<strong>que Jesus desperte nossa criatividade<\/strong> e, com ela, nos torne portadores de esperan\u00e7a para um mundo que tanto precisa de motivos para ter esperan\u00e7a.<\/p>\n<p>Voc\u00ea pode acessar<strong><span> <\/span>tr\u00eas n\u00fameros<\/strong><span> <\/span>que poderia muito bem ser cada uma de nossas comunidades, nossa caminhada com outras pessoas ou nossas conversas na estrada, junto com Jesus, como os disc\u00edpulos voltando para Ema\u00fas. Eles caminham em dire\u00e7\u00e3o \u00e0 identidade <span> <\/span><strong>em uma linha que os ap\u00f3ia, abriga e orienta.<\/strong><span> <\/span>As dificuldades, apesar de nosso desejo de fidelidade, muitas vezes tornam nossa jornada dif\u00edcil, cheia de curvas e obst\u00e1culos. Com Ele, a estrada \u00e9 suave. <\/p>\n<p>Colocamos<strong><span> <\/span>esperan\u00e7a em Jesus<\/strong>, n\u00e3o em n\u00f3s mesmos, n\u00e3o em nossos meios e capacidades. Essa esperan\u00e7a se reflete na <span> <\/span><strong>raios de luz<span> <\/span><\/strong>saindo da cruz.<\/p>\n<p>Novamente, nosso<span> <\/span><strong>c\u00edrculo aberto que<span> <\/span><\/strong>convida voc\u00ea a entrar, que<span> <\/span><strong>voc\u00ea recebe<\/strong>. Com simplicidade, voc\u00ea mostra que somos uma fam\u00edlia. <\/p>\n<p style=\"padding-left: 40px; text-align: right;\"><em>Da 36\u00aa carta do Superior Geral.<\/em><\/p>\n<p>[\/et_pb_text][\/et_pb_column][\/et_pb_row][\/et_pb_section][et_pb_section fb_built=&#8221;1&#8243; theme_builder_area=&#8221;post_content&#8221; _builder_version=&#8221;4.27.4&#8243; _module_preset=&#8221;default&#8221;][et_pb_row _builder_version=&#8221;4.27.4&#8243; _module_preset=&#8221;default&#8221; theme_builder_area=&#8221;post_content&#8221;][et_pb_column _builder_version=&#8221;4.27.4&#8243; _module_preset=&#8221;default&#8221; type=&#8221;4_4&#8243; theme_builder_area=&#8221;post_content&#8221;][et_pb_blog fullwidth=&#8221;off&#8221; posts_number=&#8221;6&#8243; include_categories=&#8221;1325&#8243; excerpt_length=&#8221;0&#8243; show_author=&#8221;off&#8221; show_pagination=&#8221;off&#8221; masonry_tile_background_color=&#8221;RGBA(255,255,255,0)&#8221; module_class=&#8221;actualidad&#8221; _builder_version=&#8221;4.27.4&#8243; _module_preset=&#8221;default&#8221; header_font=&#8221;||||||||&#8221; header_text_color=&#8221;#364F7D&#8221; meta_font=&#8221;|300|||||||&#8221; meta_text_color=&#8221;#000000&#8243; background_enable_color=&#8221;off&#8221; custom_margin=&#8221;||||false|false&#8221; custom_padding=&#8221;5px|5px|5px|5px|true|true&#8221; child_filter_saturate=&#8221;120%&#8221; hover_enabled=&#8221;0&#8243; border_width_all=&#8221;0px&#8221; border_color_top=&#8221;#FF3500&#8243; border_color_bottom=&#8221;#FF3500&#8243; border_color_left=&#8221;#FF3500&#8243; border_radii_image=&#8221;on|30px|30px|30px|30px&#8221; global_colors_info=&#8221;{}&#8221; theme_builder_area=&#8221;post_content&#8221; sticky_enabled=&#8221;0&#8243;][\/et_pb_blog][\/et_pb_column][\/et_pb_row][\/et_pb_section]<\/p>\n","protected":false},"excerpt":{"rendered":"<p>Com Ele, o caminho da esperan\u00e7a Congrega\u00e7\u00e3o Geral XIXQue Jesus desperte nossa criatividadeOLOGO reflete o desejo de caminhar neste CG XIX, com Ele, em dire\u00e7\u00e3o \u00e0 nossa identidade para ser hoje a presen\u00e7a que o Esp\u00edrito Santo est\u00e1 despertando em n\u00f3s. Permitamosque Jesus desperte nossa criatividade e, com ela, nos torne portadores de esperan\u00e7a para [&hellip;]<\/p>\n","protected":false},"author":1,"featured_media":0,"parent":44586,"menu_order":0,"comment_status":"closed","ping_status":"closed","template":"","meta":{"_et_pb_use_builder":"on","_et_pb_old_content":"","_et_gb_content_width":"","footnotes":"","_links_to":"","_links_to_target":""},"class_list":["post-44716","page","type-page","status-publish","hentry"],"yoast_head":"<!-- This site is optimized with the Yoast SEO plugin v27.5 - https:\/\/yoast.com\/product\/yoast-seo-wordpress\/ -->\n<title>Logotipo GC XIX - Hijas de Jes\u00fas<\/title>\n<meta name=\"robots\" content=\"index, follow, max-snippet:-1, max-image-preview:large, max-video-preview:-1\" \/>\n<link rel=\"canonical\" href=\"https:\/\/hijasdejesus.org\/pt-br\/congregacao-geral-xix\/logotipo-gc-xix\/\" \/>\n<meta property=\"og:locale\" content=\"pt_BR\" \/>\n<meta property=\"og:type\" content=\"article\" \/>\n<meta property=\"og:title\" content=\"Logotipo GC XIX - Hijas de Jes\u00fas\" \/>\n<meta property=\"og:description\" content=\"Com Ele, o caminho da esperan\u00e7a Congrega\u00e7\u00e3o Geral XIXQue Jesus desperte nossa criatividadeOLOGO reflete o desejo de caminhar neste CG XIX, com Ele, em dire\u00e7\u00e3o \u00e0 nossa identidade para ser hoje a presen\u00e7a que o Esp\u00edrito Santo est\u00e1 despertando em n\u00f3s. Permitamosque Jesus desperte nossa criatividade e, com ela, nos torne portadores de esperan\u00e7a para [&hellip;]\" \/>\n<meta property=\"og:url\" content=\"https:\/\/hijasdejesus.org\/pt-br\/congregacao-geral-xix\/logotipo-gc-xix\/\" \/>\n<meta property=\"og:site_name\" content=\"Hijas de Jes\u00fas\" \/>\n<meta property=\"article:publisher\" content=\"https:\/\/www.facebook.com\/hijasdejesusenelmundo\/\" \/>\n<meta property=\"article:modified_time\" content=\"2025-03-20T06:19:43+00:00\" \/>\n<meta name=\"twitter:card\" content=\"summary_large_image\" \/>\n<meta name=\"twitter:site\" content=\"@hijasdjesus\" \/>\n<meta name=\"twitter:label1\" content=\"Est. tempo de leitura\" \/>\n\t<meta name=\"twitter:data1\" content=\"4 minutos\" \/>\n<script type=\"application\/ld+json\" class=\"yoast-schema-graph\">{\"@context\":\"https:\\\/\\\/schema.org\",\"@graph\":[{\"@type\":\"WebPage\",\"@id\":\"https:\\\/\\\/hijasdejesus.org\\\/pt-br\\\/congregacao-geral-xix\\\/logotipo-gc-xix\\\/\",\"url\":\"https:\\\/\\\/hijasdejesus.org\\\/pt-br\\\/congregacao-geral-xix\\\/logotipo-gc-xix\\\/\",\"name\":\"Logotipo GC XIX - Hijas de Jes\u00fas\",\"isPartOf\":{\"@id\":\"https:\\\/\\\/hijasdejesus.org\\\/pt-br\\\/#website\"},\"datePublished\":\"2024-11-29T12:37:34+00:00\",\"dateModified\":\"2025-03-20T06:19:43+00:00\",\"breadcrumb\":{\"@id\":\"https:\\\/\\\/hijasdejesus.org\\\/pt-br\\\/congregacao-geral-xix\\\/logotipo-gc-xix\\\/#breadcrumb\"},\"inLanguage\":\"pt-BR\",\"potentialAction\":[{\"@type\":\"ReadAction\",\"target\":[\"https:\\\/\\\/hijasdejesus.org\\\/pt-br\\\/congregacao-geral-xix\\\/logotipo-gc-xix\\\/\"]}]},{\"@type\":\"BreadcrumbList\",\"@id\":\"https:\\\/\\\/hijasdejesus.org\\\/pt-br\\\/congregacao-geral-xix\\\/logotipo-gc-xix\\\/#breadcrumb\",\"itemListElement\":[{\"@type\":\"ListItem\",\"position\":1,\"name\":\"Portada\",\"item\":\"https:\\\/\\\/hijasdejesus.org\\\/pt-br\\\/\"},{\"@type\":\"ListItem\",\"position\":2,\"name\":\"Congrega\u00e7\u00e3o Geral XIX\",\"item\":\"https:\\\/\\\/hijasdejesus.org\\\/pt-br\\\/congregacion-general-xix\\\/\"},{\"@type\":\"ListItem\",\"position\":3,\"name\":\"Logotipo GC XIX\"}]},{\"@type\":\"WebSite\",\"@id\":\"https:\\\/\\\/hijasdejesus.org\\\/pt-br\\\/#website\",\"url\":\"https:\\\/\\\/hijasdejesus.org\\\/pt-br\\\/\",\"name\":\"Hijas de Jes\u00fas\",\"description\":\"Despertamos a Jes\u00fas en el coraz\u00f3n, sacando lo mejor de las personas. Somos una congregaci\u00f3n religiosa ignaciana fundada por la Madre Candida\",\"publisher\":{\"@id\":\"https:\\\/\\\/hijasdejesus.org\\\/pt-br\\\/#organization\"},\"potentialAction\":[{\"@type\":\"SearchAction\",\"target\":{\"@type\":\"EntryPoint\",\"urlTemplate\":\"https:\\\/\\\/hijasdejesus.org\\\/pt-br\\\/?s={search_term_string}\"},\"query-input\":{\"@type\":\"PropertyValueSpecification\",\"valueRequired\":true,\"valueName\":\"search_term_string\"}}],\"inLanguage\":\"pt-BR\"},{\"@type\":\"Organization\",\"@id\":\"https:\\\/\\\/hijasdejesus.org\\\/pt-br\\\/#organization\",\"name\":\"Hijas de Jes\u00fas\",\"url\":\"https:\\\/\\\/hijasdejesus.org\\\/pt-br\\\/\",\"logo\":{\"@type\":\"ImageObject\",\"inLanguage\":\"pt-BR\",\"@id\":\"https:\\\/\\\/hijasdejesus.org\\\/pt-br\\\/#\\\/schema\\\/logo\\\/image\\\/\",\"url\":\"https:\\\/\\\/hijasdejesus.org\\\/wp-content\\\/uploads\\\/2023\\\/01\\\/Hijas-de-Jesus_hor-A7C957.png\",\"contentUrl\":\"https:\\\/\\\/hijasdejesus.org\\\/wp-content\\\/uploads\\\/2023\\\/01\\\/Hijas-de-Jesus_hor-A7C957.png\",\"width\":700,\"height\":360,\"caption\":\"Hijas de Jes\u00fas\"},\"image\":{\"@id\":\"https:\\\/\\\/hijasdejesus.org\\\/pt-br\\\/#\\\/schema\\\/logo\\\/image\\\/\"},\"sameAs\":[\"https:\\\/\\\/www.facebook.com\\\/hijasdejesusenelmundo\\\/\",\"https:\\\/\\\/x.com\\\/hijasdjesus\"]}]}<\/script>\n<!-- \/ Yoast SEO plugin. -->","yoast_head_json":{"title":"Logotipo GC XIX - Hijas de Jes\u00fas","robots":{"index":"index","follow":"follow","max-snippet":"max-snippet:-1","max-image-preview":"max-image-preview:large","max-video-preview":"max-video-preview:-1"},"canonical":"https:\/\/hijasdejesus.org\/pt-br\/congregacao-geral-xix\/logotipo-gc-xix\/","og_locale":"pt_BR","og_type":"article","og_title":"Logotipo GC XIX - Hijas de Jes\u00fas","og_description":"Com Ele, o caminho da esperan\u00e7a Congrega\u00e7\u00e3o Geral XIXQue Jesus desperte nossa criatividadeOLOGO reflete o desejo de caminhar neste CG XIX, com Ele, em dire\u00e7\u00e3o \u00e0 nossa identidade para ser hoje a presen\u00e7a que o Esp\u00edrito Santo est\u00e1 despertando em n\u00f3s. Permitamosque Jesus desperte nossa criatividade e, com ela, nos torne portadores de esperan\u00e7a para [&hellip;]","og_url":"https:\/\/hijasdejesus.org\/pt-br\/congregacao-geral-xix\/logotipo-gc-xix\/","og_site_name":"Hijas de Jes\u00fas","article_publisher":"https:\/\/www.facebook.com\/hijasdejesusenelmundo\/","article_modified_time":"2025-03-20T06:19:43+00:00","twitter_card":"summary_large_image","twitter_site":"@hijasdjesus","twitter_misc":{"Est. tempo de leitura":"4 minutos"},"schema":{"@context":"https:\/\/schema.org","@graph":[{"@type":"WebPage","@id":"https:\/\/hijasdejesus.org\/pt-br\/congregacao-geral-xix\/logotipo-gc-xix\/","url":"https:\/\/hijasdejesus.org\/pt-br\/congregacao-geral-xix\/logotipo-gc-xix\/","name":"Logotipo GC XIX - Hijas de Jes\u00fas","isPartOf":{"@id":"https:\/\/hijasdejesus.org\/pt-br\/#website"},"datePublished":"2024-11-29T12:37:34+00:00","dateModified":"2025-03-20T06:19:43+00:00","breadcrumb":{"@id":"https:\/\/hijasdejesus.org\/pt-br\/congregacao-geral-xix\/logotipo-gc-xix\/#breadcrumb"},"inLanguage":"pt-BR","potentialAction":[{"@type":"ReadAction","target":["https:\/\/hijasdejesus.org\/pt-br\/congregacao-geral-xix\/logotipo-gc-xix\/"]}]},{"@type":"BreadcrumbList","@id":"https:\/\/hijasdejesus.org\/pt-br\/congregacao-geral-xix\/logotipo-gc-xix\/#breadcrumb","itemListElement":[{"@type":"ListItem","position":1,"name":"Portada","item":"https:\/\/hijasdejesus.org\/pt-br\/"},{"@type":"ListItem","position":2,"name":"Congrega\u00e7\u00e3o Geral XIX","item":"https:\/\/hijasdejesus.org\/pt-br\/congregacion-general-xix\/"},{"@type":"ListItem","position":3,"name":"Logotipo GC XIX"}]},{"@type":"WebSite","@id":"https:\/\/hijasdejesus.org\/pt-br\/#website","url":"https:\/\/hijasdejesus.org\/pt-br\/","name":"Hijas de Jes\u00fas","description":"Despertamos a Jes\u00fas en el coraz\u00f3n, sacando lo mejor de las personas. Somos una congregaci\u00f3n religiosa ignaciana fundada por la Madre Candida","publisher":{"@id":"https:\/\/hijasdejesus.org\/pt-br\/#organization"},"potentialAction":[{"@type":"SearchAction","target":{"@type":"EntryPoint","urlTemplate":"https:\/\/hijasdejesus.org\/pt-br\/?s={search_term_string}"},"query-input":{"@type":"PropertyValueSpecification","valueRequired":true,"valueName":"search_term_string"}}],"inLanguage":"pt-BR"},{"@type":"Organization","@id":"https:\/\/hijasdejesus.org\/pt-br\/#organization","name":"Hijas de Jes\u00fas","url":"https:\/\/hijasdejesus.org\/pt-br\/","logo":{"@type":"ImageObject","inLanguage":"pt-BR","@id":"https:\/\/hijasdejesus.org\/pt-br\/#\/schema\/logo\/image\/","url":"https:\/\/hijasdejesus.org\/wp-content\/uploads\/2023\/01\/Hijas-de-Jesus_hor-A7C957.png","contentUrl":"https:\/\/hijasdejesus.org\/wp-content\/uploads\/2023\/01\/Hijas-de-Jesus_hor-A7C957.png","width":700,"height":360,"caption":"Hijas de Jes\u00fas"},"image":{"@id":"https:\/\/hijasdejesus.org\/pt-br\/#\/schema\/logo\/image\/"},"sameAs":["https:\/\/www.facebook.com\/hijasdejesusenelmundo\/","https:\/\/x.com\/hijasdjesus"]}]}},"_links":{"self":[{"href":"https:\/\/hijasdejesus.org\/pt-br\/wp-json\/wp\/v2\/pages\/44716","targetHints":{"allow":["GET"]}}],"collection":[{"href":"https:\/\/hijasdejesus.org\/pt-br\/wp-json\/wp\/v2\/pages"}],"about":[{"href":"https:\/\/hijasdejesus.org\/pt-br\/wp-json\/wp\/v2\/types\/page"}],"author":[{"embeddable":true,"href":"https:\/\/hijasdejesus.org\/pt-br\/wp-json\/wp\/v2\/users\/1"}],"replies":[{"embeddable":true,"href":"https:\/\/hijasdejesus.org\/pt-br\/wp-json\/wp\/v2\/comments?post=44716"}],"version-history":[{"count":5,"href":"https:\/\/hijasdejesus.org\/pt-br\/wp-json\/wp\/v2\/pages\/44716\/revisions"}],"predecessor-version":[{"id":46876,"href":"https:\/\/hijasdejesus.org\/pt-br\/wp-json\/wp\/v2\/pages\/44716\/revisions\/46876"}],"up":[{"embeddable":true,"href":"https:\/\/hijasdejesus.org\/pt-br\/wp-json\/wp\/v2\/pages\/44586"}],"wp:attachment":[{"href":"https:\/\/hijasdejesus.org\/pt-br\/wp-json\/wp\/v2\/media?parent=44716"}],"curies":[{"name":"wp","href":"https:\/\/api.w.org\/{rel}","templated":true}]}}