{"id":46057,"date":"2024-02-23T10:21:25","date_gmt":"2024-02-23T09:21:25","guid":{"rendered":"https:\/\/hijasdejesus.org\/vidas\/vera-lucia-ladeia-ramos\/"},"modified":"2025-03-05T08:41:06","modified_gmt":"2025-03-05T07:41:06","slug":"vera-lucia-ladeia-ramos","status":"publish","type":"vidas","link":"https:\/\/hijasdejesus.org\/zh-hant\/vidas\/vera-lucia-ladeia-ramos\/","title":{"rendered":"Vera L\u00facia Ladeia Ramos"},"content":{"rendered":"\n<p>\u6211\u8a8d\u8b58\u5230\u9019\u5c31\u662f\u76ee\u6a19\uff0c\u6211\u6b63\u5728\u8def\u4e0a\u3002\u56de\u9867\u6211\u7684\u751f\u6d3b\uff0c\u6211\u559c\u6b61\u4ee5\u4eba\u70ba\u4e2d\u5fc3\u7684\u5927\u81ea\u7136\u3002\u6211\u6709\u5171\u9cf4\u7684\u4eba\u3002\u6211\u71b1\u611b\u6211\u5728\u9019\u500b\u6703\u773e\u4e2d\u7684\u4eba\u751f\u5c08\u6848\uff0c\u7531\u8a31\u591a\u4eba\u6307\u5c0e\u548c\u5206\u4eab\u3002\u81ea\u5f9e\u6211\u9047\u5230\u4e86 Candida \u5abd\u5abd\u3002\u201c\u8207\u4e0a\u5e1d\u4e00\u8d77\u611b\u4ed6\u6240\u611b\u7684\u3002\u201d\u5b83\u5df2\u7d93\u8b8a\u6210\u4e86\u6211\u3002      <\/p>\n","protected":false},"excerpt":{"rendered":"<p>\u9019\u662f\u4e00\u500b\u8b93\u6211\u611f\u53d7\u5230\u751f\u547d\u7684\u554f\u984c\uff0c\u57fa\u65bc\u6211\u8207\u9020\u7269\u4e3b\u7684\u95dc\u4fc2\uff0c\u5b83\u8b93\u6211\u6bcf\u5929\u90fd\u4ee5\u81ea\u5df1\u7684\u65b9\u5f0f\u611b\u8457\u751f\u7269\u3002  <\/p>\n","protected":false},"featured_media":46059,"template":"","meta":{"_et_pb_use_builder":"","_et_pb_old_content":"","_et_gb_content_width":"","_links_to":"","_links_to_target":""},"categories":[1086],"tags":[],"class_list":["post-46057","vidas","type-vidas","status-publish","has-post-thumbnail","hentry","category-1086"],"yoast_head":"<!-- This site is optimized with the Yoast SEO plugin v27.5 - https:\/\/yoast.com\/product\/yoast-seo-wordpress\/ -->\n<title>Vera L\u00facia Ladeia Ramos - Hijas de Jes\u00fas<\/title>\n<meta name=\"robots\" content=\"index, follow, max-snippet:-1, max-image-preview:large, max-video-preview:-1\" \/>\n<link rel=\"canonical\" href=\"https:\/\/hijasdejesus.org\/zh-hant\/vidas\/vera-lucia-ladeia-ramos\/\" \/>\n<meta property=\"og:locale\" content=\"zh_TW\" \/>\n<meta property=\"og:type\" content=\"article\" \/>\n<meta property=\"og:title\" content=\"Vera L\u00facia Ladeia Ramos - Hijas de Jes\u00fas\" \/>\n<meta property=\"og:description\" content=\"\u9019\u662f\u4e00\u500b\u8b93\u6211\u611f\u53d7\u5230\u751f\u547d\u7684\u554f\u984c\uff0c\u57fa\u65bc\u6211\u8207\u9020\u7269\u4e3b\u7684\u95dc\u4fc2\uff0c\u5b83\u8b93\u6211\u6bcf\u5929\u90fd\u4ee5\u81ea\u5df1\u7684\u65b9\u5f0f\u611b\u8457\u751f\u7269\u3002\" \/>\n<meta property=\"og:url\" content=\"https:\/\/hijasdejesus.org\/zh-hant\/vidas\/vera-lucia-ladeia-ramos\/\" \/>\n<meta property=\"og:site_name\" content=\"Hijas de Jes\u00fas\" \/>\n<meta property=\"article:publisher\" content=\"https:\/\/www.facebook.com\/hijasdejesusenelmundo\/\" \/>\n<meta property=\"article:modified_time\" content=\"2025-03-05T07:41:06+00:00\" \/>\n<meta property=\"og:image\" content=\"https:\/\/hijasdejesus.org\/wp-content\/uploads\/2024\/02\/Vera-Lucia-Ladeia-Ramos-scaled.jpg\" \/>\n\t<meta property=\"og:image:width\" content=\"1920\" \/>\n\t<meta property=\"og:image:height\" content=\"2560\" \/>\n\t<meta property=\"og:image:type\" content=\"image\/jpeg\" \/>\n<meta name=\"twitter:card\" content=\"summary_large_image\" \/>\n<meta name=\"twitter:site\" content=\"@hijasdjesus\" \/>\n<script type=\"application\/ld+json\" class=\"yoast-schema-graph\">{\"@context\":\"https:\\\/\\\/schema.org\",\"@graph\":[{\"@type\":\"WebPage\",\"@id\":\"https:\\\/\\\/hijasdejesus.org\\\/zh-hant\\\/vidas\\\/vera-lucia-ladeia-ramos\\\/\",\"url\":\"https:\\\/\\\/hijasdejesus.org\\\/zh-hant\\\/vidas\\\/vera-lucia-ladeia-ramos\\\/\",\"name\":\"Vera L\u00facia Ladeia Ramos - Hijas de Jes\u00fas\",\"isPartOf\":{\"@id\":\"https:\\\/\\\/hijasdejesus.org\\\/zh-hant\\\/#website\"},\"primaryImageOfPage\":{\"@id\":\"https:\\\/\\\/hijasdejesus.org\\\/zh-hant\\\/vidas\\\/vera-lucia-ladeia-ramos\\\/#primaryimage\"},\"image\":{\"@id\":\"https:\\\/\\\/hijasdejesus.org\\\/zh-hant\\\/vidas\\\/vera-lucia-ladeia-ramos\\\/#primaryimage\"},\"thumbnailUrl\":\"https:\\\/\\\/hijasdejesus.org\\\/wp-content\\\/uploads\\\/2024\\\/02\\\/Vera-Lucia-Ladeia-Ramos-scaled.jpg\",\"datePublished\":\"2024-02-23T09:21:25+00:00\",\"dateModified\":\"2025-03-05T07:41:06+00:00\",\"breadcrumb\":{\"@id\":\"https:\\\/\\\/hijasdejesus.org\\\/zh-hant\\\/vidas\\\/vera-lucia-ladeia-ramos\\\/#breadcrumb\"},\"inLanguage\":\"zh-TW\",\"potentialAction\":[{\"@type\":\"ReadAction\",\"target\":[\"https:\\\/\\\/hijasdejesus.org\\\/zh-hant\\\/vidas\\\/vera-lucia-ladeia-ramos\\\/\"]}]},{\"@type\":\"ImageObject\",\"inLanguage\":\"zh-TW\",\"@id\":\"https:\\\/\\\/hijasdejesus.org\\\/zh-hant\\\/vidas\\\/vera-lucia-ladeia-ramos\\\/#primaryimage\",\"url\":\"https:\\\/\\\/hijasdejesus.org\\\/wp-content\\\/uploads\\\/2024\\\/02\\\/Vera-Lucia-Ladeia-Ramos-scaled.jpg\",\"contentUrl\":\"https:\\\/\\\/hijasdejesus.org\\\/wp-content\\\/uploads\\\/2024\\\/02\\\/Vera-Lucia-Ladeia-Ramos-scaled.jpg\",\"width\":1920,\"height\":2560},{\"@type\":\"BreadcrumbList\",\"@id\":\"https:\\\/\\\/hijasdejesus.org\\\/zh-hant\\\/vidas\\\/vera-lucia-ladeia-ramos\\\/#breadcrumb\",\"itemListElement\":[{\"@type\":\"ListItem\",\"position\":1,\"name\":\"Portada\",\"item\":\"https:\\\/\\\/hijasdejesus.org\\\/zh-hant\\\/%e8%80%b6%e7%a9%8c%e7%9a%84%e5%a5%b3%e5%85%92%e5%80%91\\\/\"},{\"@type\":\"ListItem\",\"position\":2,\"name\":\"Vida\",\"item\":\"https:\\\/\\\/hijasdejesus.org\\\/zh-hant\\\/vidas\\\/\"},{\"@type\":\"ListItem\",\"position\":3,\"name\":\"Vera L\u00facia Ladeia Ramos\"}]},{\"@type\":\"WebSite\",\"@id\":\"https:\\\/\\\/hijasdejesus.org\\\/zh-hant\\\/#website\",\"url\":\"https:\\\/\\\/hijasdejesus.org\\\/zh-hant\\\/\",\"name\":\"Hijas de Jes\u00fas\",\"description\":\"Despertamos a Jes\u00fas en el coraz\u00f3n, sacando lo mejor de las personas. Somos una congregaci\u00f3n religiosa ignaciana fundada por la Madre Candida\",\"publisher\":{\"@id\":\"https:\\\/\\\/hijasdejesus.org\\\/zh-hant\\\/#organization\"},\"potentialAction\":[{\"@type\":\"SearchAction\",\"target\":{\"@type\":\"EntryPoint\",\"urlTemplate\":\"https:\\\/\\\/hijasdejesus.org\\\/zh-hant\\\/?s={search_term_string}\"},\"query-input\":{\"@type\":\"PropertyValueSpecification\",\"valueRequired\":true,\"valueName\":\"search_term_string\"}}],\"inLanguage\":\"zh-TW\"},{\"@type\":\"Organization\",\"@id\":\"https:\\\/\\\/hijasdejesus.org\\\/zh-hant\\\/#organization\",\"name\":\"Hijas de Jes\u00fas\",\"url\":\"https:\\\/\\\/hijasdejesus.org\\\/zh-hant\\\/\",\"logo\":{\"@type\":\"ImageObject\",\"inLanguage\":\"zh-TW\",\"@id\":\"https:\\\/\\\/hijasdejesus.org\\\/zh-hant\\\/#\\\/schema\\\/logo\\\/image\\\/\",\"url\":\"https:\\\/\\\/hijasdejesus.org\\\/wp-content\\\/uploads\\\/2023\\\/01\\\/Hijas-de-Jesus_hor-A7C957.png\",\"contentUrl\":\"https:\\\/\\\/hijasdejesus.org\\\/wp-content\\\/uploads\\\/2023\\\/01\\\/Hijas-de-Jesus_hor-A7C957.png\",\"width\":700,\"height\":360,\"caption\":\"Hijas de Jes\u00fas\"},\"image\":{\"@id\":\"https:\\\/\\\/hijasdejesus.org\\\/zh-hant\\\/#\\\/schema\\\/logo\\\/image\\\/\"},\"sameAs\":[\"https:\\\/\\\/www.facebook.com\\\/hijasdejesusenelmundo\\\/\",\"https:\\\/\\\/x.com\\\/hijasdjesus\"]}]}<\/script>\n<!-- \/ Yoast SEO plugin. -->","yoast_head_json":{"title":"Vera L\u00facia Ladeia Ramos - Hijas de Jes\u00fas","robots":{"index":"index","follow":"follow","max-snippet":"max-snippet:-1","max-image-preview":"max-image-preview:large","max-video-preview":"max-video-preview:-1"},"canonical":"https:\/\/hijasdejesus.org\/zh-hant\/vidas\/vera-lucia-ladeia-ramos\/","og_locale":"zh_TW","og_type":"article","og_title":"Vera L\u00facia Ladeia Ramos - Hijas de Jes\u00fas","og_description":"\u9019\u662f\u4e00\u500b\u8b93\u6211\u611f\u53d7\u5230\u751f\u547d\u7684\u554f\u984c\uff0c\u57fa\u65bc\u6211\u8207\u9020\u7269\u4e3b\u7684\u95dc\u4fc2\uff0c\u5b83\u8b93\u6211\u6bcf\u5929\u90fd\u4ee5\u81ea\u5df1\u7684\u65b9\u5f0f\u611b\u8457\u751f\u7269\u3002","og_url":"https:\/\/hijasdejesus.org\/zh-hant\/vidas\/vera-lucia-ladeia-ramos\/","og_site_name":"Hijas de Jes\u00fas","article_publisher":"https:\/\/www.facebook.com\/hijasdejesusenelmundo\/","article_modified_time":"2025-03-05T07:41:06+00:00","og_image":[{"width":1920,"height":2560,"url":"https:\/\/hijasdejesus.org\/wp-content\/uploads\/2024\/02\/Vera-Lucia-Ladeia-Ramos-scaled.jpg","type":"image\/jpeg"}],"twitter_card":"summary_large_image","twitter_site":"@hijasdjesus","schema":{"@context":"https:\/\/schema.org","@graph":[{"@type":"WebPage","@id":"https:\/\/hijasdejesus.org\/zh-hant\/vidas\/vera-lucia-ladeia-ramos\/","url":"https:\/\/hijasdejesus.org\/zh-hant\/vidas\/vera-lucia-ladeia-ramos\/","name":"Vera L\u00facia Ladeia Ramos - Hijas de Jes\u00fas","isPartOf":{"@id":"https:\/\/hijasdejesus.org\/zh-hant\/#website"},"primaryImageOfPage":{"@id":"https:\/\/hijasdejesus.org\/zh-hant\/vidas\/vera-lucia-ladeia-ramos\/#primaryimage"},"image":{"@id":"https:\/\/hijasdejesus.org\/zh-hant\/vidas\/vera-lucia-ladeia-ramos\/#primaryimage"},"thumbnailUrl":"https:\/\/hijasdejesus.org\/wp-content\/uploads\/2024\/02\/Vera-Lucia-Ladeia-Ramos-scaled.jpg","datePublished":"2024-02-23T09:21:25+00:00","dateModified":"2025-03-05T07:41:06+00:00","breadcrumb":{"@id":"https:\/\/hijasdejesus.org\/zh-hant\/vidas\/vera-lucia-ladeia-ramos\/#breadcrumb"},"inLanguage":"zh-TW","potentialAction":[{"@type":"ReadAction","target":["https:\/\/hijasdejesus.org\/zh-hant\/vidas\/vera-lucia-ladeia-ramos\/"]}]},{"@type":"ImageObject","inLanguage":"zh-TW","@id":"https:\/\/hijasdejesus.org\/zh-hant\/vidas\/vera-lucia-ladeia-ramos\/#primaryimage","url":"https:\/\/hijasdejesus.org\/wp-content\/uploads\/2024\/02\/Vera-Lucia-Ladeia-Ramos-scaled.jpg","contentUrl":"https:\/\/hijasdejesus.org\/wp-content\/uploads\/2024\/02\/Vera-Lucia-Ladeia-Ramos-scaled.jpg","width":1920,"height":2560},{"@type":"BreadcrumbList","@id":"https:\/\/hijasdejesus.org\/zh-hant\/vidas\/vera-lucia-ladeia-ramos\/#breadcrumb","itemListElement":[{"@type":"ListItem","position":1,"name":"Portada","item":"https:\/\/hijasdejesus.org\/zh-hant\/%e8%80%b6%e7%a9%8c%e7%9a%84%e5%a5%b3%e5%85%92%e5%80%91\/"},{"@type":"ListItem","position":2,"name":"Vida","item":"https:\/\/hijasdejesus.org\/zh-hant\/vidas\/"},{"@type":"ListItem","position":3,"name":"Vera L\u00facia Ladeia Ramos"}]},{"@type":"WebSite","@id":"https:\/\/hijasdejesus.org\/zh-hant\/#website","url":"https:\/\/hijasdejesus.org\/zh-hant\/","name":"Hijas de Jes\u00fas","description":"Despertamos a Jes\u00fas en el coraz\u00f3n, sacando lo mejor de las personas. Somos una congregaci\u00f3n religiosa ignaciana fundada por la Madre Candida","publisher":{"@id":"https:\/\/hijasdejesus.org\/zh-hant\/#organization"},"potentialAction":[{"@type":"SearchAction","target":{"@type":"EntryPoint","urlTemplate":"https:\/\/hijasdejesus.org\/zh-hant\/?s={search_term_string}"},"query-input":{"@type":"PropertyValueSpecification","valueRequired":true,"valueName":"search_term_string"}}],"inLanguage":"zh-TW"},{"@type":"Organization","@id":"https:\/\/hijasdejesus.org\/zh-hant\/#organization","name":"Hijas de Jes\u00fas","url":"https:\/\/hijasdejesus.org\/zh-hant\/","logo":{"@type":"ImageObject","inLanguage":"zh-TW","@id":"https:\/\/hijasdejesus.org\/zh-hant\/#\/schema\/logo\/image\/","url":"https:\/\/hijasdejesus.org\/wp-content\/uploads\/2023\/01\/Hijas-de-Jesus_hor-A7C957.png","contentUrl":"https:\/\/hijasdejesus.org\/wp-content\/uploads\/2023\/01\/Hijas-de-Jesus_hor-A7C957.png","width":700,"height":360,"caption":"Hijas de Jes\u00fas"},"image":{"@id":"https:\/\/hijasdejesus.org\/zh-hant\/#\/schema\/logo\/image\/"},"sameAs":["https:\/\/www.facebook.com\/hijasdejesusenelmundo\/","https:\/\/x.com\/hijasdjesus"]}]}},"_links":{"self":[{"href":"https:\/\/hijasdejesus.org\/zh-hant\/wp-json\/wp\/v2\/vidas\/46057","targetHints":{"allow":["GET"]}}],"collection":[{"href":"https:\/\/hijasdejesus.org\/zh-hant\/wp-json\/wp\/v2\/vidas"}],"about":[{"href":"https:\/\/hijasdejesus.org\/zh-hant\/wp-json\/wp\/v2\/types\/vidas"}],"wp:featuredmedia":[{"embeddable":true,"href":"https:\/\/hijasdejesus.org\/zh-hant\/wp-json\/wp\/v2\/media\/46059"}],"wp:attachment":[{"href":"https:\/\/hijasdejesus.org\/zh-hant\/wp-json\/wp\/v2\/media?parent=46057"}],"wp:term":[{"taxonomy":"category","embeddable":true,"href":"https:\/\/hijasdejesus.org\/zh-hant\/wp-json\/wp\/v2\/categories?post=46057"},{"taxonomy":"post_tag","embeddable":true,"href":"https:\/\/hijasdejesus.org\/zh-hant\/wp-json\/wp\/v2\/tags?post=46057"}],"curies":[{"name":"wp","href":"https:\/\/api.w.org\/{rel}","templated":true}]}}